{"id":1597,"date":"2022-09-23T09:36:23","date_gmt":"2022-09-23T09:36:23","guid":{"rendered":"https:\/\/redprovincialdeitinerarios.accionmk.com\/?post_type=actividades&#038;p=1597"},"modified":"2022-12-21T12:15:11","modified_gmt":"2022-12-21T11:15:11","slug":"los-morrones","status":"publish","type":"actividades","link":"https:\/\/exploregranada.es\/en\/actividades\/los-morrones\/","title":{"rendered":"Los Morrones"},"content":{"rendered":"<p>Partiendo desde el aparcamiento de la Estaci\u00f3n Recreativa del Puerto de la Ragua, cruzamos la carretera A-337 y, tras sortear una cadena, seguimos por el carril que constituye el comienzo del sendero Ragua-Aldeire (PR-A 333) (<strong>punto 0<\/strong>).<\/p>\n<p><figure id=\"attachment_1665\" aria-describedby=\"caption-attachment-1665\" style=\"width: 992px\" class=\"wp-caption aligncenter\"><a href=\"https:\/\/exploregranada.es\/wp-content\/uploads\/Foto1-copia.jpg\"><img loading=\"lazy\" decoding=\"async\" class=\"wp-image-1665 size-full\" src=\"https:\/\/exploregranada.es\/wp-content\/uploads\/Foto1-copia.jpg\" alt=\"Albergue-refugio de la Estaci\u00f3n Recreativa Puerto de la Ragua (cerrado)\" width=\"992\" height=\"661\" srcset=\"https:\/\/exploregranada.es\/wp-content\/uploads\/Foto1-copia.jpg 992w, https:\/\/exploregranada.es\/wp-content\/uploads\/Foto1-copia-800x533.jpg 800w, https:\/\/exploregranada.es\/wp-content\/uploads\/Foto1-copia-768x512.jpg 768w, https:\/\/exploregranada.es\/wp-content\/uploads\/Foto1-copia-120x80.jpg 120w\" sizes=\"(max-width: 992px) 100vw, 992px\" \/><\/a><figcaption id=\"caption-attachment-1665\" class=\"wp-caption-text\">&nbsp;Albergue-refugio de la Estaci\u00f3n Recreativa Puerto de la Ragua (cerrado)<\/figcaption><\/figure><br>\n<figure id=\"attachment_1666\" aria-describedby=\"caption-attachment-1666\" style=\"width: 992px\" class=\"wp-caption aligncenter\"><a href=\"https:\/\/exploregranada.es\/wp-content\/uploads\/Foto2-copia.jpg\"><img loading=\"lazy\" decoding=\"async\" class=\"wp-image-1666 size-full\" src=\"https:\/\/exploregranada.es\/wp-content\/uploads\/Foto2-copia.jpg\" alt=\"Cartel indicador del Puerto de la Ragua, junto a la carretera\" width=\"992\" height=\"661\" srcset=\"https:\/\/exploregranada.es\/wp-content\/uploads\/Foto2-copia.jpg 992w, https:\/\/exploregranada.es\/wp-content\/uploads\/Foto2-copia-800x533.jpg 800w, https:\/\/exploregranada.es\/wp-content\/uploads\/Foto2-copia-768x512.jpg 768w, https:\/\/exploregranada.es\/wp-content\/uploads\/Foto2-copia-120x80.jpg 120w\" sizes=\"(max-width: 992px) 100vw, 992px\" \/><\/a><figcaption id=\"caption-attachment-1666\" class=\"wp-caption-text\">Cartel indicador del Puerto de la Ragua, junto a la carretera<\/figcaption><\/figure><br>\n<figure id=\"attachment_1667\" aria-describedby=\"caption-attachment-1667\" style=\"width: 992px\" class=\"wp-caption aligncenter\"><a href=\"https:\/\/exploregranada.es\/wp-content\/uploads\/Foto3-copia.jpg\"><img loading=\"lazy\" decoding=\"async\" class=\"wp-image-1667 size-full\" src=\"https:\/\/exploregranada.es\/wp-content\/uploads\/Foto3-copia.jpg\" alt=\"Comienzo del sendero La Ragua-Aldeire (PR-A 333) (punto 0)\" width=\"992\" height=\"661\" srcset=\"https:\/\/exploregranada.es\/wp-content\/uploads\/Foto3-copia.jpg 992w, https:\/\/exploregranada.es\/wp-content\/uploads\/Foto3-copia-800x533.jpg 800w, https:\/\/exploregranada.es\/wp-content\/uploads\/Foto3-copia-768x512.jpg 768w, https:\/\/exploregranada.es\/wp-content\/uploads\/Foto3-copia-120x80.jpg 120w\" sizes=\"(max-width: 992px) 100vw, 992px\" \/><\/a><figcaption id=\"caption-attachment-1667\" class=\"wp-caption-text\">Comienzo del sendero La Ragua-Aldeire (PR-A 333) (punto 0)<\/figcaption><\/figure><br>\n<figure id=\"attachment_1668\" aria-describedby=\"caption-attachment-1668\" style=\"width: 992px\" class=\"wp-caption aligncenter\"><a href=\"https:\/\/exploregranada.es\/wp-content\/uploads\/Foto4-copia.jpg\"><img loading=\"lazy\" decoding=\"async\" class=\"wp-image-1668 size-full\" src=\"https:\/\/exploregranada.es\/wp-content\/uploads\/Foto4-copia.jpg\" alt=\"Ganado vacuno en el Puerto de la Ragua\" width=\"992\" height=\"661\" srcset=\"https:\/\/exploregranada.es\/wp-content\/uploads\/Foto4-copia.jpg 992w, https:\/\/exploregranada.es\/wp-content\/uploads\/Foto4-copia-800x533.jpg 800w, https:\/\/exploregranada.es\/wp-content\/uploads\/Foto4-copia-768x512.jpg 768w, https:\/\/exploregranada.es\/wp-content\/uploads\/Foto4-copia-120x80.jpg 120w\" sizes=\"(max-width: 992px) 100vw, 992px\" \/><\/a><figcaption id=\"caption-attachment-1668\" class=\"wp-caption-text\">Ganado vacuno en el Puerto de la Ragua<\/figcaption><\/figure><\/p>\n<p>Seguimos el carril para abandonarlo tras unos 150 metros y coger a la izquierda el sendero que, en ascenso, discurre junto al l\u00edmite de un pinar de repoblaci\u00f3n (<strong>punto 1<\/strong>).<\/p>\n<figure id=\"attachment_1669\" aria-describedby=\"caption-attachment-1669\" style=\"width: 992px\" class=\"wp-caption aligncenter\"><a href=\"https:\/\/exploregranada.es\/wp-content\/uploads\/Foto5-copia.jpg\"><img loading=\"lazy\" decoding=\"async\" class=\"wp-image-1669 size-full\" src=\"https:\/\/exploregranada.es\/wp-content\/uploads\/Foto5-copia.jpg\" alt=\"Comienzo del sendero que nos permite ascender junto al pinar de repoblaci\u00f3n (punto1)\" width=\"992\" height=\"661\" srcset=\"https:\/\/exploregranada.es\/wp-content\/uploads\/Foto5-copia.jpg 992w, https:\/\/exploregranada.es\/wp-content\/uploads\/Foto5-copia-800x533.jpg 800w, https:\/\/exploregranada.es\/wp-content\/uploads\/Foto5-copia-768x512.jpg 768w, https:\/\/exploregranada.es\/wp-content\/uploads\/Foto5-copia-120x80.jpg 120w\" sizes=\"(max-width: 992px) 100vw, 992px\" \/><\/a><figcaption id=\"caption-attachment-1669\" class=\"wp-caption-text\">Comienzo del sendero que nos permite ascender junto al pinar de repoblaci\u00f3n (punto 1)<\/figcaption><\/figure>\n<p>Alcanzado el final del pinar el sendero se vuelve difuso (<strong>punto 2<\/strong>), no obstante, encontraremos hitos de piedras que nos indicar\u00e1n el camino a seguir.<\/p>\n<figure id=\"attachment_1670\" aria-describedby=\"caption-attachment-1670\" style=\"width: 992px\" class=\"wp-caption aligncenter\"><a href=\"https:\/\/exploregranada.es\/wp-content\/uploads\/Foto6-copia.jpg\"><img loading=\"lazy\" decoding=\"async\" class=\"wp-image-1670 size-full\" src=\"https:\/\/exploregranada.es\/wp-content\/uploads\/Foto6-copia.jpg\" alt=\"Continuaci\u00f3n difusa del sendero desde el final del pinar (punto 2)\" width=\"992\" height=\"661\" srcset=\"https:\/\/exploregranada.es\/wp-content\/uploads\/Foto6-copia.jpg 992w, https:\/\/exploregranada.es\/wp-content\/uploads\/Foto6-copia-800x533.jpg 800w, https:\/\/exploregranada.es\/wp-content\/uploads\/Foto6-copia-768x512.jpg 768w, https:\/\/exploregranada.es\/wp-content\/uploads\/Foto6-copia-120x80.jpg 120w\" sizes=\"(max-width: 992px) 100vw, 992px\" \/><\/a><figcaption id=\"caption-attachment-1670\" class=\"wp-caption-text\">Continuaci\u00f3n difusa del sendero desde el final del pinar (punto 2)<\/figcaption><\/figure>\n<p>Nuestro itinerario discurre siguiendo la divisoria de aguas, la cual coincide adem\u00e1s con los t\u00e9rminos municipales de Ferreira, Aldeire y Nevada, y con los l\u00edmites del monte p\u00fablico, siendo \u00e9ste el motivo por el cual encontraremos numerosos mojones marcados con las siglas \u201cMP\u201d que nos conducir\u00e1n hasta la primera cumbre del d\u00eda, el Morr\u00f3n del Hornillo, situada a 2.375 metros de altitud (<strong>punto 4<\/strong>).<\/p>\n<p><figure id=\"attachment_1671\" aria-describedby=\"caption-attachment-1671\" style=\"width: 992px\" class=\"wp-caption aligncenter\"><a href=\"https:\/\/exploregranada.es\/wp-content\/uploads\/Foto7-copia.jpg\"><img loading=\"lazy\" decoding=\"async\" class=\"wp-image-1671 size-full\" src=\"https:\/\/exploregranada.es\/wp-content\/uploads\/Foto7-copia.jpg\" alt=\"Los mojones delimitadores del monte p\u00fablico, y el trazado difuso del sendero, nos indican el camino a seguir\" width=\"992\" height=\"661\" srcset=\"https:\/\/exploregranada.es\/wp-content\/uploads\/Foto7-copia.jpg 992w, https:\/\/exploregranada.es\/wp-content\/uploads\/Foto7-copia-800x533.jpg 800w, https:\/\/exploregranada.es\/wp-content\/uploads\/Foto7-copia-768x512.jpg 768w, https:\/\/exploregranada.es\/wp-content\/uploads\/Foto7-copia-120x80.jpg 120w\" sizes=\"(max-width: 992px) 100vw, 992px\" \/><\/a><figcaption id=\"caption-attachment-1671\" class=\"wp-caption-text\">Los mojones delimitadores del monte p\u00fablico, y el trazado difuso del sendero, nos indican el camino a seguir<\/figcaption><\/figure><br>\n<figure id=\"attachment_1672\" aria-describedby=\"caption-attachment-1672\" style=\"width: 992px\" class=\"wp-caption aligncenter\"><a href=\"https:\/\/exploregranada.es\/wp-content\/uploads\/Foto8edit-copia.jpg\"><img loading=\"lazy\" decoding=\"async\" class=\"wp-image-1672 size-full\" src=\"https:\/\/exploregranada.es\/wp-content\/uploads\/Foto8edit-copia.jpg\" alt=\"Mirada atr\u00e1s. La Sierra de Baza (Santa B\u00e1rbara, 2.269 m.) y, al fondo, La Sagra (2.381 m.), emergiendo entre las nubes sobre la pedan\u00eda de Charches\" width=\"992\" height=\"661\" srcset=\"https:\/\/exploregranada.es\/wp-content\/uploads\/Foto8edit-copia.jpg 992w, https:\/\/exploregranada.es\/wp-content\/uploads\/Foto8edit-copia-800x533.jpg 800w, https:\/\/exploregranada.es\/wp-content\/uploads\/Foto8edit-copia-768x512.jpg 768w, https:\/\/exploregranada.es\/wp-content\/uploads\/Foto8edit-copia-120x80.jpg 120w\" sizes=\"(max-width: 992px) 100vw, 992px\" \/><\/a><figcaption id=\"caption-attachment-1672\" class=\"wp-caption-text\">Mirada atr\u00e1s. La Sierra de Baza (Santa B\u00e1rbara, 2.269 m.) y, al fondo, La Sagra (2.381 m.), emergiendo entre las nubes sobre la pedan\u00eda de Charches<\/figcaption><\/figure><br>\n<figure id=\"attachment_1673\" aria-describedby=\"caption-attachment-1673\" style=\"width: 992px\" class=\"wp-caption aligncenter\"><a href=\"https:\/\/exploregranada.es\/wp-content\/uploads\/Foto9-copia.jpg\"><img loading=\"lazy\" decoding=\"async\" class=\"wp-image-1673 size-full\" src=\"https:\/\/exploregranada.es\/wp-content\/uploads\/Foto9-copia.jpg\" alt=\"El Chullo (2.608 m.), \u201ctecho\u201d de la provincia de Almer\u00eda, se queda atr\u00e1s, a nuestra izquierda\" width=\"992\" height=\"661\" srcset=\"https:\/\/exploregranada.es\/wp-content\/uploads\/Foto9-copia.jpg 992w, https:\/\/exploregranada.es\/wp-content\/uploads\/Foto9-copia-800x533.jpg 800w, https:\/\/exploregranada.es\/wp-content\/uploads\/Foto9-copia-768x512.jpg 768w, https:\/\/exploregranada.es\/wp-content\/uploads\/Foto9-copia-120x80.jpg 120w\" sizes=\"(max-width: 992px) 100vw, 992px\" \/><\/a><figcaption id=\"caption-attachment-1673\" class=\"wp-caption-text\">El Chullo (2.608 m.), \u201ctecho\u201d de la provincia de Almer\u00eda, se queda atr\u00e1s, a nuestra izquierda<\/figcaption><\/figure><br>\n<figure id=\"attachment_1674\" aria-describedby=\"caption-attachment-1674\" style=\"width: 992px\" class=\"wp-caption aligncenter\"><a href=\"https:\/\/exploregranada.es\/wp-content\/uploads\/Foto10edit-copia.jpg\"><img loading=\"lazy\" decoding=\"async\" class=\"wp-image-1674 size-full\" src=\"https:\/\/exploregranada.es\/wp-content\/uploads\/Foto10edit-copia.jpg\" alt=\"Vistas hacia la izquierda. La Sierra de G\u00e1dor (Morr\u00f3n de la Lagunilla o de Marin\u00e9, con sus 2.247 m.) y el Campo de Dal\u00edas (invernaderos)\" width=\"992\" height=\"661\" srcset=\"https:\/\/exploregranada.es\/wp-content\/uploads\/Foto10edit-copia.jpg 992w, https:\/\/exploregranada.es\/wp-content\/uploads\/Foto10edit-copia-800x533.jpg 800w, https:\/\/exploregranada.es\/wp-content\/uploads\/Foto10edit-copia-768x512.jpg 768w, https:\/\/exploregranada.es\/wp-content\/uploads\/Foto10edit-copia-120x80.jpg 120w\" sizes=\"(max-width: 992px) 100vw, 992px\" \/><\/a><figcaption id=\"caption-attachment-1674\" class=\"wp-caption-text\">Vistas hacia la izquierda. La Sierra de G\u00e1dor (Morr\u00f3n de la Lagunilla o de Marin\u00e9, con sus 2.247 m.) y el Campo de Dal\u00edas (invernaderos)<\/figcaption><\/figure><br>\n<figure id=\"attachment_1675\" aria-describedby=\"caption-attachment-1675\" style=\"width: 992px\" class=\"wp-caption aligncenter\"><a href=\"https:\/\/exploregranada.es\/wp-content\/uploads\/Foto11edit-copia.jpg\"><img loading=\"lazy\" decoding=\"async\" class=\"wp-image-1675 size-full\" src=\"https:\/\/exploregranada.es\/wp-content\/uploads\/Foto11edit-copia.jpg\" alt=\"Llegando al Morr\u00f3n del Hornillo. Vistas de las cumbres de Sierra Nevada hacia el oeste\" width=\"992\" height=\"661\" srcset=\"https:\/\/exploregranada.es\/wp-content\/uploads\/Foto11edit-copia.jpg 992w, https:\/\/exploregranada.es\/wp-content\/uploads\/Foto11edit-copia-800x533.jpg 800w, https:\/\/exploregranada.es\/wp-content\/uploads\/Foto11edit-copia-768x512.jpg 768w, https:\/\/exploregranada.es\/wp-content\/uploads\/Foto11edit-copia-120x80.jpg 120w\" sizes=\"(max-width: 992px) 100vw, 992px\" \/><\/a><figcaption id=\"caption-attachment-1675\" class=\"wp-caption-text\">Llegando al Morr\u00f3n del Hornillo. Vistas de las cumbres de Sierra Nevada hacia el oeste<\/figcaption><\/figure><br>\n<figure id=\"attachment_1676\" aria-describedby=\"caption-attachment-1676\" style=\"width: 992px\" class=\"wp-caption aligncenter\"><a href=\"https:\/\/exploregranada.es\/wp-content\/uploads\/Foto12-copia.jpg\"><img loading=\"lazy\" decoding=\"async\" class=\"wp-image-1676 size-full\" src=\"https:\/\/exploregranada.es\/wp-content\/uploads\/Foto12-copia.jpg\" alt=\"Cima del Morr\u00f3n del Hornillo (punto 4)\" width=\"992\" height=\"661\" srcset=\"https:\/\/exploregranada.es\/wp-content\/uploads\/Foto12-copia.jpg 992w, https:\/\/exploregranada.es\/wp-content\/uploads\/Foto12-copia-800x533.jpg 800w, https:\/\/exploregranada.es\/wp-content\/uploads\/Foto12-copia-768x512.jpg 768w, https:\/\/exploregranada.es\/wp-content\/uploads\/Foto12-copia-120x80.jpg 120w\" sizes=\"(max-width: 992px) 100vw, 992px\" \/><\/a><figcaption id=\"caption-attachment-1676\" class=\"wp-caption-text\">Cima del Morr\u00f3n del Hornillo (punto 4)<\/figcaption><\/figure><br>\n<figure id=\"attachment_1677\" aria-describedby=\"caption-attachment-1677\" style=\"width: 992px\" class=\"wp-caption aligncenter\"><a href=\"https:\/\/exploregranada.es\/wp-content\/uploads\/Foto13-copia.jpg\"><img loading=\"lazy\" decoding=\"async\" class=\"wp-image-1677 size-full\" src=\"https:\/\/exploregranada.es\/wp-content\/uploads\/Foto13-copia.jpg\" alt=\"Cara norte del Morr\u00f3n del Mediod\u00eda, vista desde el Morr\u00f3n del Hornillo\" width=\"992\" height=\"661\" srcset=\"https:\/\/exploregranada.es\/wp-content\/uploads\/Foto13-copia.jpg 992w, https:\/\/exploregranada.es\/wp-content\/uploads\/Foto13-copia-800x533.jpg 800w, https:\/\/exploregranada.es\/wp-content\/uploads\/Foto13-copia-768x512.jpg 768w, https:\/\/exploregranada.es\/wp-content\/uploads\/Foto13-copia-120x80.jpg 120w\" sizes=\"(max-width: 992px) 100vw, 992px\" \/><\/a><figcaption id=\"caption-attachment-1677\" class=\"wp-caption-text\">Cara norte del Morr\u00f3n del Mediod\u00eda, vista desde el Morr\u00f3n del Hornillo<\/figcaption><\/figure><\/p>\n<p>Desde el Morr\u00f3n del Hornillo continuaremos siguiendo la divisoria de aguas, ahora s\u00ed, a trav\u00e9s de un sendero bien definido, el cual, en continuo ascenso, nos llevar\u00e1 hasta la segunda de nuestras cimas, el Morr\u00f3n Sanjuanero, con 2.610 metros de altitud (<strong>punto 5<\/strong>).<\/p>\n<p><figure id=\"attachment_1678\" aria-describedby=\"caption-attachment-1678\" style=\"width: 992px\" class=\"wp-caption aligncenter\"><a href=\"https:\/\/exploregranada.es\/wp-content\/uploads\/Foto14edit-copia.jpg\"><img loading=\"lazy\" decoding=\"async\" class=\"wp-image-1678 size-full\" src=\"https:\/\/exploregranada.es\/wp-content\/uploads\/Foto14edit-copia.jpg\" alt=\"Hacia el Morr\u00f3n Sanjuanero desde el Morr\u00f3n del Hornillo\" width=\"992\" height=\"1488\" srcset=\"https:\/\/exploregranada.es\/wp-content\/uploads\/Foto14edit-copia.jpg 992w, https:\/\/exploregranada.es\/wp-content\/uploads\/Foto14edit-copia-533x800.jpg 533w, https:\/\/exploregranada.es\/wp-content\/uploads\/Foto14edit-copia-768x1152.jpg 768w\" sizes=\"(max-width: 992px) 100vw, 992px\" \/><\/a><figcaption id=\"caption-attachment-1678\" class=\"wp-caption-text\">Hacia el Morr\u00f3n Sanjuanero desde el Morr\u00f3n del Hornillo<\/figcaption><\/figure><br>\n<figure id=\"attachment_1679\" aria-describedby=\"caption-attachment-1679\" style=\"width: 992px\" class=\"wp-caption aligncenter\"><a href=\"https:\/\/exploregranada.es\/wp-content\/uploads\/Foto15edit-copia.jpg\"><img loading=\"lazy\" decoding=\"async\" class=\"wp-image-1679 size-full\" src=\"https:\/\/exploregranada.es\/wp-content\/uploads\/Foto15edit-copia.jpg\" alt=\"El Marquesado del Zenete visto desde la subida al Morr\u00f3n Sanjuanero\" width=\"992\" height=\"661\" srcset=\"https:\/\/exploregranada.es\/wp-content\/uploads\/Foto15edit-copia.jpg 992w, https:\/\/exploregranada.es\/wp-content\/uploads\/Foto15edit-copia-800x533.jpg 800w, https:\/\/exploregranada.es\/wp-content\/uploads\/Foto15edit-copia-768x512.jpg 768w, https:\/\/exploregranada.es\/wp-content\/uploads\/Foto15edit-copia-120x80.jpg 120w\" sizes=\"(max-width: 992px) 100vw, 992px\" \/><\/a><figcaption id=\"caption-attachment-1679\" class=\"wp-caption-text\">El Marquesado del Zenete visto desde la subida al Morr\u00f3n Sanjuanero<\/figcaption><\/figure><br>\n<figure id=\"attachment_1680\" aria-describedby=\"caption-attachment-1680\" style=\"width: 992px\" class=\"wp-caption aligncenter\"><a href=\"https:\/\/exploregranada.es\/wp-content\/uploads\/Foto16-copia.jpg\"><img loading=\"lazy\" decoding=\"async\" class=\"wp-image-1680 size-full\" src=\"https:\/\/exploregranada.es\/wp-content\/uploads\/Foto16-copia.jpg\" alt=\"El Morr\u00f3n del Mediod\u00eda visto desde la cima del Morr\u00f3n Sanjuanero\" width=\"992\" height=\"661\" srcset=\"https:\/\/exploregranada.es\/wp-content\/uploads\/Foto16-copia.jpg 992w, https:\/\/exploregranada.es\/wp-content\/uploads\/Foto16-copia-800x533.jpg 800w, https:\/\/exploregranada.es\/wp-content\/uploads\/Foto16-copia-768x512.jpg 768w, https:\/\/exploregranada.es\/wp-content\/uploads\/Foto16-copia-120x80.jpg 120w\" sizes=\"(max-width: 992px) 100vw, 992px\" \/><\/a><figcaption id=\"caption-attachment-1680\" class=\"wp-caption-text\">El Morr\u00f3n del Mediod\u00eda visto desde la cima del Morr\u00f3n Sanjuanero<\/figcaption><\/figure><\/p>\n<p>Tras hollar el Morr\u00f3n Sanjuanero, el sendero contin\u00faa descendiendo unos metros, para, despu\u00e9s, volver a subir, deposit\u00e1ndonos sobre la cima del Morr\u00f3n del Mediod\u00eda, con 2.753 m. de altitud (<strong>punto 6<\/strong>).<\/p>\n<p><figure id=\"attachment_1682\" aria-describedby=\"caption-attachment-1682\" style=\"width: 992px\" class=\"wp-caption aligncenter\"><a href=\"https:\/\/exploregranada.es\/wp-content\/uploads\/Foto17-copia.jpg\"><img loading=\"lazy\" decoding=\"async\" class=\"wp-image-1682 size-full\" src=\"https:\/\/exploregranada.es\/wp-content\/uploads\/Foto17-copia.jpg\" alt=\"Subida final al Morr\u00f3n del Mediod\u00eda\" width=\"992\" height=\"661\" srcset=\"https:\/\/exploregranada.es\/wp-content\/uploads\/Foto17-copia.jpg 992w, https:\/\/exploregranada.es\/wp-content\/uploads\/Foto17-copia-800x533.jpg 800w, https:\/\/exploregranada.es\/wp-content\/uploads\/Foto17-copia-768x512.jpg 768w, https:\/\/exploregranada.es\/wp-content\/uploads\/Foto17-copia-120x80.jpg 120w\" sizes=\"(max-width: 992px) 100vw, 992px\" \/><\/a><figcaption id=\"caption-attachment-1682\" class=\"wp-caption-text\">Subida final al Morr\u00f3n del Mediod\u00eda<\/figcaption><\/figure><br>\n<figure id=\"attachment_1683\" aria-describedby=\"caption-attachment-1683\" style=\"width: 992px\" class=\"wp-caption aligncenter\"><a href=\"https:\/\/exploregranada.es\/wp-content\/uploads\/Foto18-copia.jpg\"><img loading=\"lazy\" decoding=\"async\" class=\"wp-image-1683 size-full\" src=\"https:\/\/exploregranada.es\/wp-content\/uploads\/Foto18-copia.jpg\" alt=\"Cima del Morr\u00f3n del Mediod\u00eda (punto 6)\" width=\"992\" height=\"661\" srcset=\"https:\/\/exploregranada.es\/wp-content\/uploads\/Foto18-copia.jpg 992w, https:\/\/exploregranada.es\/wp-content\/uploads\/Foto18-copia-800x533.jpg 800w, https:\/\/exploregranada.es\/wp-content\/uploads\/Foto18-copia-768x512.jpg 768w, https:\/\/exploregranada.es\/wp-content\/uploads\/Foto18-copia-120x80.jpg 120w\" sizes=\"(max-width: 992px) 100vw, 992px\" \/><\/a><figcaption id=\"caption-attachment-1683\" class=\"wp-caption-text\">Cima del Morr\u00f3n del Mediod\u00eda (punto 6)<\/figcaption><\/figure><\/p>\n<p>Una vez alcanzada la cumbre del Morr\u00f3n del Mediod\u00eda, la \u00faltima de la jornada, descenderemos hacia el Collado del Realejo Alto (<strong>punto 7<\/strong>), desde el cual nos desviaremos hacia la derecha, abandonando la divisoria y siguiendo la traza, pr\u00e1cticamente perdida, de un sendero.<\/p>\n<figure id=\"attachment_1684\" aria-describedby=\"caption-attachment-1684\" style=\"width: 992px\" class=\"wp-caption aligncenter\"><a href=\"https:\/\/exploregranada.es\/wp-content\/uploads\/Foto19edit-copia.jpg\"><img loading=\"lazy\" decoding=\"async\" class=\"wp-image-1684 size-full\" src=\"https:\/\/exploregranada.es\/wp-content\/uploads\/Foto19edit-copia.jpg\" alt=\"Descenso desde el Morr\u00f3n del Mediod\u00eda hacia el Collado del Realejo Alto (punto 7)\" width=\"992\" height=\"661\" srcset=\"https:\/\/exploregranada.es\/wp-content\/uploads\/Foto19edit-copia.jpg 992w, https:\/\/exploregranada.es\/wp-content\/uploads\/Foto19edit-copia-800x533.jpg 800w, https:\/\/exploregranada.es\/wp-content\/uploads\/Foto19edit-copia-768x512.jpg 768w, https:\/\/exploregranada.es\/wp-content\/uploads\/Foto19edit-copia-120x80.jpg 120w\" sizes=\"(max-width: 992px) 100vw, 992px\" \/><\/a><figcaption id=\"caption-attachment-1684\" class=\"wp-caption-text\">Descenso desde el Morr\u00f3n del Mediod\u00eda hacia el Collado del Realejo Alto (punto 7)<\/figcaption><\/figure>\n<p>Desde el collado divisaremos, abajo, en la distancia, una p\u00e9rtiga cuyo objeto es medir el espesor de la nieve (<strong>punto 8<\/strong>). Hac\u00eda ella debemos dirigirnos. En esta parte del recorrido, al encontrarse pr\u00e1cticamente perdido el sendero, debemos prestar especial atenci\u00f3n, siguiendo en todo momento las trazas que de \u00e9l encontremos y teniendo cuidado de no pisar plantas e insectos. En esta zona de la alta monta\u00f1a nevadense encontraremos un extenso piornal, y podr\u00edamos toparnos con llamativos insectos entre los que se encuentran mariposas end\u00e9micas de Sierra Nevada.<\/p>\n<p><figure id=\"attachment_1685\" aria-describedby=\"caption-attachment-1685\" style=\"width: 992px\" class=\"wp-caption aligncenter\"><a href=\"https:\/\/exploregranada.es\/wp-content\/uploads\/Foto20edit-copia.jpg\"><img loading=\"lazy\" decoding=\"async\" class=\"wp-image-1685 size-full\" src=\"https:\/\/exploregranada.es\/wp-content\/uploads\/Foto20edit-copia.jpg\" alt=\"P\u00e9rtiga para medir el nivel de la nieve (punto 8), vista desde el Collado del Realejo Alto\" width=\"992\" height=\"661\" srcset=\"https:\/\/exploregranada.es\/wp-content\/uploads\/Foto20edit-copia.jpg 992w, https:\/\/exploregranada.es\/wp-content\/uploads\/Foto20edit-copia-800x533.jpg 800w, https:\/\/exploregranada.es\/wp-content\/uploads\/Foto20edit-copia-768x512.jpg 768w, https:\/\/exploregranada.es\/wp-content\/uploads\/Foto20edit-copia-120x80.jpg 120w\" sizes=\"(max-width: 992px) 100vw, 992px\" \/><\/a><figcaption id=\"caption-attachment-1685\" class=\"wp-caption-text\">P\u00e9rtiga para medir el nivel de la nieve (punto 8), vista desde el Collado del Realejo Alto<\/figcaption><\/figure><br>\n<figure id=\"attachment_1686\" aria-describedby=\"caption-attachment-1686\" style=\"width: 992px\" class=\"wp-caption aligncenter\"><a href=\"https:\/\/exploregranada.es\/wp-content\/uploads\/Foto21-copia.jpg\"><img loading=\"lazy\" decoding=\"async\" class=\"wp-image-1686 size-full\" src=\"https:\/\/exploregranada.es\/wp-content\/uploads\/Foto21-copia.jpg\" alt=\"Cara norte del Morr\u00f3n del Mediod\u00eda, vista durante el descenso desde el collado\" width=\"992\" height=\"661\" srcset=\"https:\/\/exploregranada.es\/wp-content\/uploads\/Foto21-copia.jpg 992w, https:\/\/exploregranada.es\/wp-content\/uploads\/Foto21-copia-800x533.jpg 800w, https:\/\/exploregranada.es\/wp-content\/uploads\/Foto21-copia-768x512.jpg 768w, https:\/\/exploregranada.es\/wp-content\/uploads\/Foto21-copia-120x80.jpg 120w\" sizes=\"(max-width: 992px) 100vw, 992px\" \/><\/a><figcaption id=\"caption-attachment-1686\" class=\"wp-caption-text\">Cara norte del Morr\u00f3n del Mediod\u00eda, vista durante el descenso desde el collado<\/figcaption><\/figure><br>\n<figure id=\"attachment_1687\" aria-describedby=\"caption-attachment-1687\" style=\"width: 992px\" class=\"wp-caption aligncenter\"><a href=\"https:\/\/exploregranada.es\/wp-content\/uploads\/Foto22edit-copia.jpg\"><img loading=\"lazy\" decoding=\"async\" class=\"wp-image-1687 size-full\" src=\"https:\/\/exploregranada.es\/wp-content\/uploads\/Foto22edit-copia.jpg\" alt=\"&nbsp;Corral de Prado Largo visto abajo, a la izquierda, en el descenso desde el collado\" width=\"992\" height=\"661\" srcset=\"https:\/\/exploregranada.es\/wp-content\/uploads\/Foto22edit-copia.jpg 992w, https:\/\/exploregranada.es\/wp-content\/uploads\/Foto22edit-copia-800x533.jpg 800w, https:\/\/exploregranada.es\/wp-content\/uploads\/Foto22edit-copia-768x512.jpg 768w, https:\/\/exploregranada.es\/wp-content\/uploads\/Foto22edit-copia-120x80.jpg 120w\" sizes=\"(max-width: 992px) 100vw, 992px\" \/><\/a><figcaption id=\"caption-attachment-1687\" class=\"wp-caption-text\">&nbsp;Corral de Prado Largo visto abajo, a la izquierda, en el descenso desde el collado<\/figcaption><\/figure><br>\n<figure id=\"attachment_1688\" aria-describedby=\"caption-attachment-1688\" style=\"width: 992px\" class=\"wp-caption aligncenter\"><a href=\"https:\/\/exploregranada.es\/wp-content\/uploads\/Foto23-copia.jpg\"><img loading=\"lazy\" decoding=\"async\" class=\"wp-image-1688 size-full\" src=\"https:\/\/exploregranada.es\/wp-content\/uploads\/Foto23-copia.jpg\" alt=\"P\u00e9rtiga para medir el nivel de la nieve (punto 8)\" width=\"992\" height=\"661\" srcset=\"https:\/\/exploregranada.es\/wp-content\/uploads\/Foto23-copia.jpg 992w, https:\/\/exploregranada.es\/wp-content\/uploads\/Foto23-copia-800x533.jpg 800w, https:\/\/exploregranada.es\/wp-content\/uploads\/Foto23-copia-768x512.jpg 768w, https:\/\/exploregranada.es\/wp-content\/uploads\/Foto23-copia-120x80.jpg 120w\" sizes=\"(max-width: 992px) 100vw, 992px\" \/><\/a><figcaption id=\"caption-attachment-1688\" class=\"wp-caption-text\">P\u00e9rtiga para medir el nivel de la nieve (punto 8)<\/figcaption><\/figure><br>\n<figure id=\"attachment_1689\" aria-describedby=\"caption-attachment-1689\" style=\"width: 992px\" class=\"wp-caption aligncenter\"><a href=\"https:\/\/exploregranada.es\/wp-content\/uploads\/Foto24-copia.jpg\"><img loading=\"lazy\" decoding=\"async\" class=\"wp-image-1689 size-full\" src=\"https:\/\/exploregranada.es\/wp-content\/uploads\/Foto24-copia.jpg\" alt=\"Los pueblos de Aldeire (en primer t\u00e9rmino) y de La Calahorra (detr\u00e1s), vistos abajo, en el descenso desde el collado\" width=\"992\" height=\"661\" srcset=\"https:\/\/exploregranada.es\/wp-content\/uploads\/Foto24-copia.jpg 992w, https:\/\/exploregranada.es\/wp-content\/uploads\/Foto24-copia-800x533.jpg 800w, https:\/\/exploregranada.es\/wp-content\/uploads\/Foto24-copia-768x512.jpg 768w, https:\/\/exploregranada.es\/wp-content\/uploads\/Foto24-copia-120x80.jpg 120w\" sizes=\"(max-width: 992px) 100vw, 992px\" \/><\/a><figcaption id=\"caption-attachment-1689\" class=\"wp-caption-text\">Los pueblos de Aldeire (en primer t\u00e9rmino) y de La Calahorra (detr\u00e1s), vistos abajo, en el descenso desde el collado<\/figcaption><\/figure><\/p>\n<p>Una vez pasada la p\u00e9rtiga, el objetivo ser\u00e1 alcanzar el final del cortafuegos que divisaremos a nuestros pies, lugar en el que nuestro camino se topar\u00e1 con el Sendero Sulayr (GR 240) (<strong>punto 9<\/strong>). Una vez alcanzado el encuentro con el Sendero Sulayr, continuaremos por \u00e9ste en direcci\u00f3n al Refugio-vivac Las Chorreras.<\/p>\n<p><figure id=\"attachment_1690\" aria-describedby=\"caption-attachment-1690\" style=\"width: 992px\" class=\"wp-caption aligncenter\"><a href=\"https:\/\/exploregranada.es\/wp-content\/uploads\/Foto25-copia.jpg\"><img loading=\"lazy\" decoding=\"async\" class=\"wp-image-1690 size-full\" src=\"https:\/\/exploregranada.es\/wp-content\/uploads\/Foto25-copia.jpg\" alt=\"Encuentro con el Sendero Sulayr (punto 9)\" width=\"992\" height=\"661\" srcset=\"https:\/\/exploregranada.es\/wp-content\/uploads\/Foto25-copia.jpg 992w, https:\/\/exploregranada.es\/wp-content\/uploads\/Foto25-copia-800x533.jpg 800w, https:\/\/exploregranada.es\/wp-content\/uploads\/Foto25-copia-768x512.jpg 768w, https:\/\/exploregranada.es\/wp-content\/uploads\/Foto25-copia-120x80.jpg 120w\" sizes=\"(max-width: 992px) 100vw, 992px\" \/><\/a><figcaption id=\"caption-attachment-1690\" class=\"wp-caption-text\">Encuentro con el Sendero Sulayr (punto 9)<\/figcaption><\/figure><br>\n<figure id=\"attachment_1691\" aria-describedby=\"caption-attachment-1691\" style=\"width: 992px\" class=\"wp-caption aligncenter\"><a href=\"https:\/\/exploregranada.es\/wp-content\/uploads\/Foto26-copia.jpg\"><img loading=\"lazy\" decoding=\"async\" class=\"wp-image-1691 size-full\" src=\"https:\/\/exploregranada.es\/wp-content\/uploads\/Foto26-copia.jpg\" alt=\"Sendero Sulayr en direcci\u00f3n al Refugio-vivac Las Chorreras\" width=\"992\" height=\"661\" srcset=\"https:\/\/exploregranada.es\/wp-content\/uploads\/Foto26-copia.jpg 992w, https:\/\/exploregranada.es\/wp-content\/uploads\/Foto26-copia-800x533.jpg 800w, https:\/\/exploregranada.es\/wp-content\/uploads\/Foto26-copia-768x512.jpg 768w, https:\/\/exploregranada.es\/wp-content\/uploads\/Foto26-copia-120x80.jpg 120w\" sizes=\"(max-width: 992px) 100vw, 992px\" \/><\/a><figcaption id=\"caption-attachment-1691\" class=\"wp-caption-text\">Sendero Sulayr en direcci\u00f3n al Refugio-vivac Las Chorreras<\/figcaption><\/figure><\/p>\n<p>El Refugio-vivac Las Chorreras (<strong>punto 11<\/strong>) se localiza en el lugar en el que el Sendero Ragua-Aldeire (PR-A 333) se separa del Sendero Sulayr (GR 240), tras compartir ambos un tramo viniendo desde el Puerto de la Ragua. Este refugio constituye el punto de llegada del tramo 15, y el de salida del tramo 16, del Sendero Sulayr.<\/p>\n<p>Este antiguo refugio de pastores cuenta con tres estancias: un dormitorio en el que se ha dispuesto una litera baja corrida (con cabida para 6-7 personas), una habitaci\u00f3n a modo de salita con chimenea, que cuenta con una mesa y unos taburetes improvisados, y una tercera habitaci\u00f3n, vac\u00eda, que puede ser usada tambi\u00e9n como dormitorio. Como su nombre hace pensar, el refugio se sit\u00faa junto al cauce de un peque\u00f1o arroyo por el que discurre el agua.<\/p>\n<p><figure id=\"attachment_1692\" aria-describedby=\"caption-attachment-1692\" style=\"width: 992px\" class=\"wp-caption aligncenter\"><a href=\"https:\/\/exploregranada.es\/wp-content\/uploads\/Foto27-copia.jpg\"><img loading=\"lazy\" decoding=\"async\" class=\"wp-image-1692 size-full\" src=\"https:\/\/exploregranada.es\/wp-content\/uploads\/Foto27-copia.jpg\" alt=\"Refugio-vivac Las Chorreras (punto 11)\" width=\"992\" height=\"661\" srcset=\"https:\/\/exploregranada.es\/wp-content\/uploads\/Foto27-copia.jpg 992w, https:\/\/exploregranada.es\/wp-content\/uploads\/Foto27-copia-800x533.jpg 800w, https:\/\/exploregranada.es\/wp-content\/uploads\/Foto27-copia-768x512.jpg 768w, https:\/\/exploregranada.es\/wp-content\/uploads\/Foto27-copia-120x80.jpg 120w\" sizes=\"(max-width: 992px) 100vw, 992px\" \/><\/a><figcaption id=\"caption-attachment-1692\" class=\"wp-caption-text\">Refugio-vivac Las Chorreras (punto 11)<\/figcaption><\/figure><br>\n<figure id=\"attachment_1693\" aria-describedby=\"caption-attachment-1693\" style=\"width: 992px\" class=\"wp-caption aligncenter\"><a href=\"https:\/\/exploregranada.es\/wp-content\/uploads\/Foto28-copia.jpg\"><img loading=\"lazy\" decoding=\"async\" class=\"wp-image-1693 size-full\" src=\"https:\/\/exploregranada.es\/wp-content\/uploads\/Foto28-copia.jpg\" alt=\"Salita con chimenea del Refugio-vivac Las Chorreras\" width=\"992\" height=\"661\" srcset=\"https:\/\/exploregranada.es\/wp-content\/uploads\/Foto28-copia.jpg 992w, https:\/\/exploregranada.es\/wp-content\/uploads\/Foto28-copia-800x533.jpg 800w, https:\/\/exploregranada.es\/wp-content\/uploads\/Foto28-copia-768x512.jpg 768w, https:\/\/exploregranada.es\/wp-content\/uploads\/Foto28-copia-120x80.jpg 120w\" sizes=\"(max-width: 992px) 100vw, 992px\" \/><\/a><figcaption id=\"caption-attachment-1693\" class=\"wp-caption-text\">Salita con chimenea del Refugio-vivac Las Chorreras<\/figcaption><\/figure><br>\n<figure id=\"attachment_1694\" aria-describedby=\"caption-attachment-1694\" style=\"width: 992px\" class=\"wp-caption aligncenter\"><a href=\"https:\/\/exploregranada.es\/wp-content\/uploads\/Foto29-copia.jpg\"><img loading=\"lazy\" decoding=\"async\" class=\"wp-image-1694 size-full\" src=\"https:\/\/exploregranada.es\/wp-content\/uploads\/Foto29-copia.jpg\" alt=\"Habitaci\u00f3n con litera baja del Refugio-vivac Las Chorreras\" width=\"992\" height=\"661\" srcset=\"https:\/\/exploregranada.es\/wp-content\/uploads\/Foto29-copia.jpg 992w, https:\/\/exploregranada.es\/wp-content\/uploads\/Foto29-copia-800x533.jpg 800w, https:\/\/exploregranada.es\/wp-content\/uploads\/Foto29-copia-768x512.jpg 768w, https:\/\/exploregranada.es\/wp-content\/uploads\/Foto29-copia-120x80.jpg 120w\" sizes=\"(max-width: 992px) 100vw, 992px\" \/><\/a><figcaption id=\"caption-attachment-1694\" class=\"wp-caption-text\">Habitaci\u00f3n con litera baja del Refugio-vivac Las Chorreras<\/figcaption><\/figure><br>\n<figure id=\"attachment_1695\" aria-describedby=\"caption-attachment-1695\" style=\"width: 992px\" class=\"wp-caption aligncenter\"><a href=\"https:\/\/exploregranada.es\/wp-content\/uploads\/Foto30-copia.jpg\"><img loading=\"lazy\" decoding=\"async\" class=\"wp-image-1695 size-full\" src=\"https:\/\/exploregranada.es\/wp-content\/uploads\/Foto30-copia.jpg\" alt=\"Arroyo junto al Refugio-vivac Las Chorreras (cara norte del Morr\u00f3n del Mediod\u00eda al fondo)\" width=\"992\" height=\"1488\" srcset=\"https:\/\/exploregranada.es\/wp-content\/uploads\/Foto30-copia.jpg 992w, https:\/\/exploregranada.es\/wp-content\/uploads\/Foto30-copia-533x800.jpg 533w, https:\/\/exploregranada.es\/wp-content\/uploads\/Foto30-copia-768x1152.jpg 768w\" sizes=\"(max-width: 992px) 100vw, 992px\" \/><\/a><figcaption id=\"caption-attachment-1695\" class=\"wp-caption-text\">Arroyo junto al Refugio-vivac Las Chorreras (cara norte del Morr\u00f3n del Mediod\u00eda al fondo)<\/figcaption><\/figure><\/p>\n<p>Tras disfrutar moment\u00e1neamente de la visita a este acogedor refugio, en el que no dejaremos basura ni dejaremos la puerta abierta, continuamos nuestro camino a trav\u00e9s del Sulayr, de vuelta ya hacia el Puerto de la Ragua. En este bonito tramo, el Sulayr, que coincide aqu\u00ed con el Sendero La Ragua-Aldeire, discurre junto al l\u00edmite altitudinal de los densos pinares de repoblaci\u00f3n que existen en esta parte de la sierra.<\/p>\n<figure id=\"attachment_1696\" aria-describedby=\"caption-attachment-1696\" style=\"width: 992px\" class=\"wp-caption aligncenter\"><a href=\"https:\/\/exploregranada.es\/wp-content\/uploads\/Foto31-copia.jpg\"><img loading=\"lazy\" decoding=\"async\" class=\"wp-image-1696 size-full\" src=\"https:\/\/exploregranada.es\/wp-content\/uploads\/Foto31-copia.jpg\" alt=\"Siguiendo el Sendero Sulayr en direcci\u00f3n al Puerto de la Ragua\" width=\"992\" height=\"661\" srcset=\"https:\/\/exploregranada.es\/wp-content\/uploads\/Foto31-copia.jpg 992w, https:\/\/exploregranada.es\/wp-content\/uploads\/Foto31-copia-800x533.jpg 800w, https:\/\/exploregranada.es\/wp-content\/uploads\/Foto31-copia-768x512.jpg 768w, https:\/\/exploregranada.es\/wp-content\/uploads\/Foto31-copia-120x80.jpg 120w\" sizes=\"(max-width: 992px) 100vw, 992px\" \/><\/a><figcaption id=\"caption-attachment-1696\" class=\"wp-caption-text\">Siguiendo el Sendero Sulayr en direcci\u00f3n al Puerto de la Ragua<\/figcaption><\/figure>\n<p>Tras atravesar el Barranco de Los Cirilos (<strong>punto 12<\/strong>), por el que tambi\u00e9n discurre el agua, ascenderemos de forma pronunciada durante un corto periodo de tiempo, para hacerlo m\u00e1s sosegadamente despu\u00e9s, y llegar hasta un nuevo cortafuegos (<strong>punto 13<\/strong>). Desde aqu\u00ed seguiremos las balizas del Sulayr, las cuales nos indican el camino a seguir en direcci\u00f3n al Puerto de la Ragua, punto de partida de nuestro recorrido, que ahora nos sirve de llegada.<\/p>\n<p><figure id=\"attachment_1697\" aria-describedby=\"caption-attachment-1697\" style=\"width: 992px\" class=\"wp-caption aligncenter\"><a href=\"https:\/\/exploregranada.es\/wp-content\/uploads\/Foto32-copia.jpg\"><img loading=\"lazy\" decoding=\"async\" class=\"wp-image-1697 size-full\" src=\"https:\/\/exploregranada.es\/wp-content\/uploads\/Foto32-copia.jpg\" alt=\"Barranco de Los Cirilos (punto 12)\" width=\"992\" height=\"661\" srcset=\"https:\/\/exploregranada.es\/wp-content\/uploads\/Foto32-copia.jpg 992w, https:\/\/exploregranada.es\/wp-content\/uploads\/Foto32-copia-800x533.jpg 800w, https:\/\/exploregranada.es\/wp-content\/uploads\/Foto32-copia-768x512.jpg 768w, https:\/\/exploregranada.es\/wp-content\/uploads\/Foto32-copia-120x80.jpg 120w\" sizes=\"(max-width: 992px) 100vw, 992px\" \/><\/a><figcaption id=\"caption-attachment-1697\" class=\"wp-caption-text\">Barranco de Los Cirilos (punto 12)<\/figcaption><\/figure><br>\n<figure id=\"attachment_1698\" aria-describedby=\"caption-attachment-1698\" style=\"width: 992px\" class=\"wp-caption aligncenter\"><a href=\"https:\/\/exploregranada.es\/wp-content\/uploads\/Foto33-copia.jpg\"><img loading=\"lazy\" decoding=\"async\" class=\"wp-image-1698 size-full\" src=\"https:\/\/exploregranada.es\/wp-content\/uploads\/Foto33-copia.jpg\" alt=\"Siguiendo el Sendero Sulayr en direcci\u00f3n al Puerto de la Ragua\" width=\"992\" height=\"661\" srcset=\"https:\/\/exploregranada.es\/wp-content\/uploads\/Foto33-copia.jpg 992w, https:\/\/exploregranada.es\/wp-content\/uploads\/Foto33-copia-800x533.jpg 800w, https:\/\/exploregranada.es\/wp-content\/uploads\/Foto33-copia-768x512.jpg 768w, https:\/\/exploregranada.es\/wp-content\/uploads\/Foto33-copia-120x80.jpg 120w\" sizes=\"(max-width: 992px) 100vw, 992px\" \/><\/a><figcaption id=\"caption-attachment-1698\" class=\"wp-caption-text\">Siguiendo el Sendero Sulayr en direcci\u00f3n al Puerto de la Ragua<\/figcaption><\/figure><br>\n<figure id=\"attachment_1699\" aria-describedby=\"caption-attachment-1699\" style=\"width: 992px\" class=\"wp-caption aligncenter\"><a href=\"https:\/\/exploregranada.es\/wp-content\/uploads\/Foto34-copia.jpg\"><img loading=\"lazy\" decoding=\"async\" class=\"wp-image-1699 size-full\" src=\"https:\/\/exploregranada.es\/wp-content\/uploads\/Foto34-copia.jpg\" alt=\"Siguiendo el Sendero Sulayr en direcci\u00f3n al Puerto de la Ragua\" width=\"992\" height=\"661\" srcset=\"https:\/\/exploregranada.es\/wp-content\/uploads\/Foto34-copia.jpg 992w, https:\/\/exploregranada.es\/wp-content\/uploads\/Foto34-copia-800x533.jpg 800w, https:\/\/exploregranada.es\/wp-content\/uploads\/Foto34-copia-768x512.jpg 768w, https:\/\/exploregranada.es\/wp-content\/uploads\/Foto34-copia-120x80.jpg 120w\" sizes=\"(max-width: 992px) 100vw, 992px\" \/><\/a><figcaption id=\"caption-attachment-1699\" class=\"wp-caption-text\">Siguiendo el Sendero Sulayr en direcci\u00f3n al Puerto de la Ragua<\/figcaption><\/figure><br>\n<figure id=\"attachment_1700\" aria-describedby=\"caption-attachment-1700\" style=\"width: 992px\" class=\"wp-caption aligncenter\"><a href=\"https:\/\/exploregranada.es\/wp-content\/uploads\/Foto35-copia.jpg\"><img loading=\"lazy\" decoding=\"async\" class=\"wp-image-1700 size-full\" src=\"https:\/\/exploregranada.es\/wp-content\/uploads\/Foto35-copia.jpg\" alt=\"Siguiendo el Sendero Sulayr en direcci\u00f3n al Puerto de la Ragua desde el cortafuegos (punto 13). Las vertientes norte del Morr\u00f3n Sanjuanero y del Morr\u00f3n del Mediod\u00eda al fondo\" width=\"992\" height=\"278\" srcset=\"https:\/\/exploregranada.es\/wp-content\/uploads\/Foto35-copia.jpg 992w, https:\/\/exploregranada.es\/wp-content\/uploads\/Foto35-copia-800x224.jpg 800w, https:\/\/exploregranada.es\/wp-content\/uploads\/Foto35-copia-768x215.jpg 768w\" sizes=\"(max-width: 992px) 100vw, 992px\" \/><\/a><figcaption id=\"caption-attachment-1700\" class=\"wp-caption-text\">Siguiendo el Sendero Sulayr en direcci\u00f3n al Puerto de la Ragua desde el cortafuegos (punto 13). Las<span style=\"font-size: revert; color: initial;\">&nbsp;vertientes norte del Morr\u00f3n Sanjuanero y del Morr\u00f3n del Mediod\u00eda al fondo<\/span><\/figcaption><\/figure><br>\n<figure id=\"attachment_1701\" aria-describedby=\"caption-attachment-1701\" style=\"width: 992px\" class=\"wp-caption aligncenter\"><a href=\"https:\/\/exploregranada.es\/wp-content\/uploads\/Foto36-copia.jpg\"><img loading=\"lazy\" decoding=\"async\" class=\"wp-image-1701 size-full\" src=\"https:\/\/exploregranada.es\/wp-content\/uploads\/Foto36-copia.jpg\" alt=\"Siguiendo el Sendero Sulayr en direcci\u00f3n al Puerto de la Ragua Con el Chullo a la vista\" width=\"992\" height=\"661\" srcset=\"https:\/\/exploregranada.es\/wp-content\/uploads\/Foto36-copia.jpg 992w, https:\/\/exploregranada.es\/wp-content\/uploads\/Foto36-copia-800x533.jpg 800w, https:\/\/exploregranada.es\/wp-content\/uploads\/Foto36-copia-768x512.jpg 768w, https:\/\/exploregranada.es\/wp-content\/uploads\/Foto36-copia-120x80.jpg 120w\" sizes=\"(max-width: 992px) 100vw, 992px\" \/><\/a><figcaption id=\"caption-attachment-1701\" class=\"wp-caption-text\">Siguiendo el Sendero Sulayr en direcci\u00f3n al Puerto de la Ragua Con el Chullo a la vista<\/figcaption><\/figure><br>\n<figure id=\"attachment_1702\" aria-describedby=\"caption-attachment-1702\" style=\"width: 992px\" class=\"wp-caption aligncenter\"><a href=\"https:\/\/exploregranada.es\/wp-content\/uploads\/Foto37-copia.jpg\"><img loading=\"lazy\" decoding=\"async\" class=\"wp-image-1702 size-full\" src=\"https:\/\/exploregranada.es\/wp-content\/uploads\/Foto37-copia.jpg\" alt=\"Llegando al Puerto de la Ragua\" width=\"992\" height=\"661\" srcset=\"https:\/\/exploregranada.es\/wp-content\/uploads\/Foto37-copia.jpg 992w, https:\/\/exploregranada.es\/wp-content\/uploads\/Foto37-copia-800x533.jpg 800w, https:\/\/exploregranada.es\/wp-content\/uploads\/Foto37-copia-768x512.jpg 768w, https:\/\/exploregranada.es\/wp-content\/uploads\/Foto37-copia-120x80.jpg 120w\" sizes=\"(max-width: 992px) 100vw, 992px\" \/><\/a><figcaption id=\"caption-attachment-1702\" class=\"wp-caption-text\">Llegando al Puerto de la Ragua<\/figcaption><\/figure><\/p>\n\n\n<p><\/p>\n","protected":false},"excerpt":{"rendered":"<p>Ascensi\u00f3n al Morr\u00f3n del Hornillo (2.375 msnm.), al Morr\u00f3n Sanjuanero (2.610 msnm.) y al Morr\u00f3n del Mediod\u00eda (2.753 msnm.) desde y hasta el Puerto de la Ragua. <\/p>\n","protected":false},"featured_media":1607,"parent":0,"menu_order":0,"template":"","edades":[139],"epoca-del-ano":[135,136],"tipo-recorrido":[133],"duracion-de-la-actividad":[127],"entorno":[119],"dificultad":[115],"espacios-naturales":[101],"provincia":[96],"tipo-de-actividad":[53],"_links":{"self":[{"href":"https:\/\/exploregranada.es\/en\/wp-json\/wp\/v2\/actividades\/1597"}],"collection":[{"href":"https:\/\/exploregranada.es\/en\/wp-json\/wp\/v2\/actividades"}],"about":[{"href":"https:\/\/exploregranada.es\/en\/wp-json\/wp\/v2\/types\/actividades"}],"version-history":[{"count":14,"href":"https:\/\/exploregranada.es\/en\/wp-json\/wp\/v2\/actividades\/1597\/revisions"}],"predecessor-version":[{"id":3912,"href":"https:\/\/exploregranada.es\/en\/wp-json\/wp\/v2\/actividades\/1597\/revisions\/3912"}],"wp:featuredmedia":[{"embeddable":true,"href":"https:\/\/exploregranada.es\/en\/wp-json\/wp\/v2\/media\/1607"}],"wp:attachment":[{"href":"https:\/\/exploregranada.es\/en\/wp-json\/wp\/v2\/media?parent=1597"}],"wp:term":[{"taxonomy":"edades","embeddable":true,"href":"https:\/\/exploregranada.es\/en\/wp-json\/wp\/v2\/edades?post=1597"},{"taxonomy":"epoca-del-ano","embeddable":true,"href":"https:\/\/exploregranada.es\/en\/wp-json\/wp\/v2\/epoca-del-ano?post=1597"},{"taxonomy":"tipo-recorrido","embeddable":true,"href":"https:\/\/exploregranada.es\/en\/wp-json\/wp\/v2\/tipo-recorrido?post=1597"},{"taxonomy":"duracion-de-la-actividad","embeddable":true,"href":"https:\/\/exploregranada.es\/en\/wp-json\/wp\/v2\/duracion-de-la-actividad?post=1597"},{"taxonomy":"entorno","embeddable":true,"href":"https:\/\/exploregranada.es\/en\/wp-json\/wp\/v2\/entorno?post=1597"},{"taxonomy":"dificultad","embeddable":true,"href":"https:\/\/exploregranada.es\/en\/wp-json\/wp\/v2\/dificultad?post=1597"},{"taxonomy":"espacios-naturales","embeddable":true,"href":"https:\/\/exploregranada.es\/en\/wp-json\/wp\/v2\/espacios-naturales?post=1597"},{"taxonomy":"provincia","embeddable":true,"href":"https:\/\/exploregranada.es\/en\/wp-json\/wp\/v2\/provincia?post=1597"},{"taxonomy":"tipo-de-actividad","embeddable":true,"href":"https:\/\/exploregranada.es\/en\/wp-json\/wp\/v2\/tipo-de-actividad?post=1597"}],"curies":[{"name":"wp","href":"https:\/\/api.w.org\/{rel}","templated":true}]}}