{"id":2759,"date":"2022-10-27T10:03:28","date_gmt":"2022-10-27T10:03:28","guid":{"rendered":"https:\/\/redprovincialdeitinerarios.accionmk.com\/?post_type=actividades&#038;p=2759"},"modified":"2022-12-21T14:57:49","modified_gmt":"2022-12-21T13:57:49","slug":"norte-del-mulhacen-corredor-central","status":"publish","type":"actividades","link":"https:\/\/exploregranada.es\/en\/actividades\/norte-del-mulhacen-corredor-central\/","title":{"rendered":"Norte del Mulhac\u00e9n (Corredor central)"},"content":{"rendered":"<p><strong>D\u00cdA 1<\/strong>: VEGUETA DEL CARACOL &#8211; CUEVA SECRETA<\/p>\n<p>La ruta comienza en la Vegueta del Caracol (<strong>punto 0<\/strong>), lugar donde el Arroyo de San Juan tributa sus aguas al R\u00edo Genil, y hasta donde llegaba anta\u00f1o el Tranv\u00eda de la Sierra. Justo al final del desaparecido trazado viario del tranv\u00eda, encontraremos una amplia explanada donde podremos estacionar nuestro veh\u00edculo.<\/p>\n<p>Comenzaremos la marcha cruzando el R\u00edo Genil, gracias a un puente de madera, e incorpor\u00e1ndonos a la Vereda de la Estrella.<\/p>\n<p>La Vereda de la Estrella fue abierta en los a\u00f1os 60 del siglo XIX sobre la margen izquierda del R\u00edo Genil (orogr\u00e1ficamente hablando) para facilitar la extracci\u00f3n de hierro de las minas de la Probadora, de la Estrella y de la Justicia, todas ellas situadas r\u00edo arriba.<\/p>\n<p>En este primer tramo del recorrido, la Vereda de la Estrella discurre por el Arrecife, lugar en el que las laderas del valle se desploman abruptamente hacia el r\u00edo. Al poco, pasaremos junto al Casta\u00f1o El Abuelo (<strong>punto 1<\/strong>), del cual admiraremos su gran porte y resistencia.<\/p>\n<p>Transcurrida 1 hora aproximada de marcha, tras varias revueltas en las que atravesaremos los barrancos de las Tormentas, de la Loma del Muerto y de Caba\u00f1as Viejas, la vereda nos situar\u00e1 sobre la junta u horcajo en el que el R\u00edo Vadillo se une al R\u00edo Genil. Un poco m\u00e1s adelante, en el momento en el que el valle de R\u00edo Genil gira decididamente hacia el sur, nos encontraremos en la Curva del Viso, o Viso de las Nortes (<strong>punto 2<\/strong>), lugar desde el que podremos admirar por primera vez las impresionantes, y a\u00fan lejanas, caras nortes de la Alcazaba y del Mulhac\u00e9n.<\/p>\n<p><figure id=\"attachment_2946\" aria-describedby=\"caption-attachment-2946\" style=\"width: 992px\" class=\"wp-caption aligncenter\"><a href=\"https:\/\/exploregranada.es\/wp-content\/uploads\/1-6.webp\"><img loading=\"lazy\" decoding=\"async\" class=\"size-full wp-image-2946\" src=\"https:\/\/exploregranada.es\/wp-content\/uploads\/1-6.webp\" alt=\"Por la Vereda de la Estrella\" width=\"992\" height=\"558\" srcset=\"https:\/\/exploregranada.es\/wp-content\/uploads\/1-6.webp 992w, https:\/\/exploregranada.es\/wp-content\/uploads\/1-6-800x450.webp 800w, https:\/\/exploregranada.es\/wp-content\/uploads\/1-6-768x432.webp 768w\" sizes=\"(max-width: 992px) 100vw, 992px\" \/><\/a><figcaption id=\"caption-attachment-2946\" class=\"wp-caption-text\">Por la Vereda de la Estrella<\/figcaption><\/figure><br>\n<figure id=\"attachment_2947\" aria-describedby=\"caption-attachment-2947\" style=\"width: 992px\" class=\"wp-caption aligncenter\"><a href=\"https:\/\/exploregranada.es\/wp-content\/uploads\/2-8.webp\"><img loading=\"lazy\" decoding=\"async\" class=\"size-full wp-image-2947\" src=\"https:\/\/exploregranada.es\/wp-content\/uploads\/2-8.webp\" alt=\"La Alcazaba y el Mulhac\u00e9n, vistos desde la Vereda de la Estrella\" width=\"992\" height=\"558\" srcset=\"https:\/\/exploregranada.es\/wp-content\/uploads\/2-8.webp 992w, https:\/\/exploregranada.es\/wp-content\/uploads\/2-8-800x450.webp 800w, https:\/\/exploregranada.es\/wp-content\/uploads\/2-8-768x432.webp 768w\" sizes=\"(max-width: 992px) 100vw, 992px\" \/><\/a><figcaption id=\"caption-attachment-2947\" class=\"wp-caption-text\">La Alcazaba y el Mulhac\u00e9n, vistos desde la Vereda de la Estrella<\/figcaption><\/figure><\/p>\n<p>Continuando a trav\u00e9s de la Vereda de la Estrella, cuyas dimensiones son a\u00fan las de un camino carretero, alcanzaremos las Minas de la Probadora. A partir de aqu\u00ed el camino se vuelve m\u00e1s estrecho y, al poco, llegamos a las Minas de la Estrella. Tras atravesar las ruinas de este antiguo poblado, el camino que seguimos nos har\u00e1 cruzar el puente sobre el R\u00edo Guarn\u00f3n (<strong>punto 3<\/strong>).<\/p>\n<p>En la cabecera del valle del Guarn\u00f3n, divisaremos la cara norte del Veleta.<\/p>\n<p>Una vez dejado atr\u00e1s el R\u00edo Guarn\u00f3n, rodearemos la base de la enorme Loma del L\u00e1nchar y contemplaremos, a nuestra izquierda, el Barranco del Aceral, cuyas aguas se precipitan sobre el R\u00edo Genil a modo de bonita cascada. A continuaci\u00f3n, pasaremos junto a los restos de las construcciones de las Minas de la Justicia y llegaremos all\u00ed donde los r\u00edos Valdecasillas y Valdeinfierno se unen para conformar el R\u00edo Genil, la denominada Junta de los R\u00edos (<strong>punto 4<\/strong>).<\/p>\n<p>A partir de este lugar, atravesaremos la Majada del Real para, siguiendo el curso del R\u00edo Valdeinfierno, llegar a la zona conocida como Cueva Secreta. Cruzaremos el r\u00edo a trav\u00e9s de un peque\u00f1o puente y, tras avanzar un poco a trav\u00e9s del margen izquierdo del r\u00edo (en el sentido de la marcha), llegaremos a una amplia zona aterrazada donde pasaremos la noche (<strong>punto 5<\/strong>).<\/p>\n<figure id=\"attachment_2948\" aria-describedby=\"caption-attachment-2948\" style=\"width: 992px\" class=\"wp-caption aligncenter\"><a href=\"https:\/\/exploregranada.es\/wp-content\/uploads\/5-4.webp\"><img loading=\"lazy\" decoding=\"async\" class=\"wp-image-2948 size-full\" src=\"https:\/\/exploregranada.es\/wp-content\/uploads\/5-4.webp\" alt=\"La vertiente norte de La Caldera, con su espol\u00f3n, vista desde la zona de Cueva Secreta\" width=\"992\" height=\"558\" srcset=\"https:\/\/exploregranada.es\/wp-content\/uploads\/5-4.webp 992w, https:\/\/exploregranada.es\/wp-content\/uploads\/5-4-800x450.webp 800w, https:\/\/exploregranada.es\/wp-content\/uploads\/5-4-768x432.webp 768w\" sizes=\"(max-width: 992px) 100vw, 992px\" \/><\/a><figcaption id=\"caption-attachment-2948\" class=\"wp-caption-text\">La vertiente norte de La Caldera, con su espol\u00f3n, vista desde la zona de Cueva Secreta<\/figcaption><\/figure>\n<p><strong>D\u00cdA 2<\/strong>: CUEVA SECRETA-LAGUNA DE LA MOSCA<\/p>\n<p>A la ma\u00f1ana siguiente procuraremos madrugar todo lo posible con el objeto de alcanzar las zonas nevadas a una hora prudente, aprovechando al m\u00e1ximo todo lo que pueda dar de s\u00ed el rehielo nocturno.<\/p>\n<p>Partiremos desde nuestro lugar de pernocta (<strong>punto 5<\/strong>) para, inmediatamente, situarnos sobre la Majada del Palo, un amplio rellano localizado sobre la Loma de Casillas. Continuaremos remontando la ladera oeste de la Loma de Casillas, a cuya vertiente opuesta nos dirigiremos a trav\u00e9s de un sendero. Una vez franqueada la Loma de Casillas <strong>(punto 6)<\/strong>, habremos penetrado en los dominios del Valdecasillas, valle a trav\u00e9s de cuyo fondo discurre el r\u00edo hom\u00f3nimo.<\/p>\n<p>Arriba, a nuestra izquierda, contemplaremos el Puntal y los Prados de Vacares. Abajo, en la misma direcci\u00f3n, observaremos como el Arroyo de Vacares forma una bonita \u201ccola de caballo\u201d antes de verter sus aguas al R\u00edo Valdecasillas. Al frente, contemplaremos por entero el Espol\u00f3n de la Alcazaba, con sus 1.500 metros de desnivel aproximados.<\/p>\n<p>El sendero que seguimos nos conducir\u00e1 a media ladera hacia la orilla derecha del R\u00edo Valdecasillas (en el sentido de la marcha), orilla junto a la cual continuaremos ascendiendo (<strong>punto 7<\/strong>).<\/p>\n<p>En nuestro ascenso a trav\u00e9s de la margen derecha del r\u00edo alternaremos la subida gradual con la superaci\u00f3n de dos resaltes, el \u00faltimo de ellos situado a cota 2.500, all\u00ed donde las aguas del r\u00edo forman una cascada. Superado este \u00faltimo resalte, se abrir\u00e1 ante nosotros una amplia vaguada, la cual se encuentra delimitada al este por la Alcazaba, al sur, por las Chorreras de la Mosca, y, al oeste, por el Pico Juego de Bolos. Cruzaremos hacia el lado izquierdo del r\u00edo (siempre en el sentido de la marcha) y comenzaremos a remontar la vaguada en direcci\u00f3n hacia las Chorreras de la Mosca, nombre que reciben las cascadas que forma el R\u00edo Valdecasillas justo despu\u00e9s de nacer. Volveremos a cruzar el r\u00edo y remontaremos la pendiente, siempre con tendencia a la derecha, terminando por superar el resalte rocoso a trav\u00e9s del que se precipitan las Chorreras de la Mosca.<\/p>\n<p><figure id=\"attachment_2949\" aria-describedby=\"caption-attachment-2949\" style=\"width: 992px\" class=\"wp-caption aligncenter\"><a href=\"https:\/\/exploregranada.es\/wp-content\/uploads\/6-4.webp\"><img loading=\"lazy\" decoding=\"async\" class=\"size-full wp-image-2949\" src=\"https:\/\/exploregranada.es\/wp-content\/uploads\/6-4.webp\" alt=\"Chorrera\" width=\"992\" height=\"1764\" srcset=\"https:\/\/exploregranada.es\/wp-content\/uploads\/6-4.webp 992w, https:\/\/exploregranada.es\/wp-content\/uploads\/6-4-450x800.webp 450w, https:\/\/exploregranada.es\/wp-content\/uploads\/6-4-768x1366.webp 768w, https:\/\/exploregranada.es\/wp-content\/uploads\/6-4-864x1536.webp 864w\" sizes=\"(max-width: 992px) 100vw, 992px\" \/><\/a><figcaption id=\"caption-attachment-2949\" class=\"wp-caption-text\">Chorrera<\/figcaption><\/figure><br>\n<figure id=\"attachment_2950\" aria-describedby=\"caption-attachment-2950\" style=\"width: 992px\" class=\"wp-caption aligncenter\"><a href=\"https:\/\/exploregranada.es\/wp-content\/uploads\/7-3.webp\"><img loading=\"lazy\" decoding=\"async\" class=\"size-full wp-image-2950\" src=\"https:\/\/exploregranada.es\/wp-content\/uploads\/7-3.webp\" alt=\"Remontando la pendiente una vez cruzado el r\u00edo, por debajo de las Chorreras de la Mosca\" width=\"992\" height=\"558\" srcset=\"https:\/\/exploregranada.es\/wp-content\/uploads\/7-3.webp 992w, https:\/\/exploregranada.es\/wp-content\/uploads\/7-3-800x450.webp 800w, https:\/\/exploregranada.es\/wp-content\/uploads\/7-3-768x432.webp 768w\" sizes=\"(max-width: 992px) 100vw, 992px\" \/><\/a><figcaption id=\"caption-attachment-2950\" class=\"wp-caption-text\">Remontando la pendiente una vez cruzado el r\u00edo,<br>por debajo de las Chorreras de la Mosca<\/figcaption><\/figure><\/p>\n<p>Una vez superado el \u00faltimo resalte, se abrir\u00e1 ante nosotros la gran hoya en la que se sit\u00faa la Laguna de la Mosca (<strong>punto 8<\/strong>), justo a los pies de la impresionante cara norte del Mulhac\u00e9n. A la Laguna de la Mosca llegaremos hacia el mediod\u00eda, siendo importante descansar durante la tarde, y acostarnos temprano, con el objeto de volver a madrugar bastante al d\u00eda siguiente.<\/p>\n<figure id=\"attachment_2951\" aria-describedby=\"caption-attachment-2951\" style=\"width: 992px\" class=\"wp-caption aligncenter\"><a href=\"https:\/\/exploregranada.es\/wp-content\/uploads\/8-3.webp\"><img loading=\"lazy\" decoding=\"async\" class=\"size-full wp-image-2951\" src=\"https:\/\/exploregranada.es\/wp-content\/uploads\/8-3.webp\" alt=\"Listos para la segunda pernocta, junto a la Laguna de la Mosca\" width=\"992\" height=\"558\" srcset=\"https:\/\/exploregranada.es\/wp-content\/uploads\/8-3.webp 992w, https:\/\/exploregranada.es\/wp-content\/uploads\/8-3-800x450.webp 800w, https:\/\/exploregranada.es\/wp-content\/uploads\/8-3-768x432.webp 768w\" sizes=\"(max-width: 992px) 100vw, 992px\" \/><\/a><figcaption id=\"caption-attachment-2951\" class=\"wp-caption-text\">Listos para la segunda pernocta, junto a la Laguna de la Mosca<\/figcaption><\/figure>\n<p><strong>D\u00cdA 3<\/strong>: CORREDOR CENTRAL DE LA CARA NORTE DEL MULHAC\u00c9N Y REGRESO<\/p>\n<p>El tercer d\u00eda partiremos desde nuestro segundo lugar de pernocta (<strong>punto 8<\/strong>) a las 07:00 h. Previamente habremos dejado oculto el material no indispensable, con el objeto de recogerlo a la vuelta. Comenzaremos remontando la pendiente en direcci\u00f3n al gran cono de deyecci\u00f3n que se sit\u00faa ligeramente a la derecha del centro de la cara norte del Mulhac\u00e9n.<\/p>\n<p><figure id=\"attachment_2952\" aria-describedby=\"caption-attachment-2952\" style=\"width: 992px\" class=\"wp-caption aligncenter\"><a href=\"https:\/\/exploregranada.es\/wp-content\/uploads\/7-2-copia.webp\"><img loading=\"lazy\" decoding=\"async\" class=\"size-full wp-image-2952\" src=\"https:\/\/exploregranada.es\/wp-content\/uploads\/7-2-copia.webp\" alt=\"V\u00eda de ascensi\u00f3n a seguir a trav\u00e9s de la cara norte del Mulhac\u00e9n\" width=\"992\" height=\"1074\" srcset=\"https:\/\/exploregranada.es\/wp-content\/uploads\/7-2-copia.webp 992w, https:\/\/exploregranada.es\/wp-content\/uploads\/7-2-copia-739x800.webp 739w, https:\/\/exploregranada.es\/wp-content\/uploads\/7-2-copia-768x831.webp 768w\" sizes=\"(max-width: 992px) 100vw, 992px\" \/><\/a><figcaption id=\"caption-attachment-2952\" class=\"wp-caption-text\">V\u00eda de ascensi\u00f3n a seguir a trav\u00e9s de la cara norte del Mulhac\u00e9n<\/figcaption><\/figure><br>\n<figure id=\"attachment_2953\" aria-describedby=\"caption-attachment-2953\" style=\"width: 992px\" class=\"wp-caption aligncenter\"><a href=\"https:\/\/exploregranada.es\/wp-content\/uploads\/9-5.webp\"><img loading=\"lazy\" decoding=\"async\" class=\"size-full wp-image-2953\" src=\"https:\/\/exploregranada.es\/wp-content\/uploads\/9-5.webp\" alt=\"Remontando el cono de deyecci\u00f3n al comienzo de la ascensi\u00f3n\" width=\"992\" height=\"1798\" srcset=\"https:\/\/exploregranada.es\/wp-content\/uploads\/9-5.webp 992w, https:\/\/exploregranada.es\/wp-content\/uploads\/9-5-441x800.webp 441w, https:\/\/exploregranada.es\/wp-content\/uploads\/9-5-768x1392.webp 768w, https:\/\/exploregranada.es\/wp-content\/uploads\/9-5-847x1536.webp 847w\" sizes=\"(max-width: 992px) 100vw, 992px\" \/><\/a><figcaption id=\"caption-attachment-2953\" class=\"wp-caption-text\">Remontando el cono de deyecci\u00f3n al comienzo de la ascensi\u00f3n<\/figcaption><\/figure><\/p>\n<p>Una vez superado el estrechamiento superior del cono de deyecci\u00f3n, giraremos hacia la izquierda y comenzaremos a subir a trav\u00e9s de una amplia cornisa, la cual presenta unos 40 grados de inclinaci\u00f3n y finaliza en el Vasar del Mulhac\u00e9n.<\/p>\n<figure id=\"attachment_2954\" aria-describedby=\"caption-attachment-2954\" style=\"width: 992px\" class=\"wp-caption aligncenter\"><a href=\"https:\/\/exploregranada.es\/wp-content\/uploads\/10-5.webp\"><img loading=\"lazy\" decoding=\"async\" class=\"size-full wp-image-2954\" src=\"https:\/\/exploregranada.es\/wp-content\/uploads\/10-5.webp\" alt=\"Subiendo a trav\u00e9s de la amplia cornisa una vez superado el estrechamiento del cono de deyecci\u00f3n\" width=\"992\" height=\"736\" srcset=\"https:\/\/exploregranada.es\/wp-content\/uploads\/10-5.webp 992w, https:\/\/exploregranada.es\/wp-content\/uploads\/10-5-800x594.webp 800w, https:\/\/exploregranada.es\/wp-content\/uploads\/10-5-768x570.webp 768w, https:\/\/exploregranada.es\/wp-content\/uploads\/10-5-204x150.webp 204w\" sizes=\"(max-width: 992px) 100vw, 992px\" \/><\/a><figcaption id=\"caption-attachment-2954\" class=\"wp-caption-text\">Subiendo a trav\u00e9s de la amplia cornisa<br>una vez superado el estrechamiento del cono de deyecci\u00f3n<\/figcaption><\/figure>\n<p>El Vasar es una cornisa o vira que atraviesa horizontalmente la cara norte del Mulhac\u00e9n y que se sit\u00faa aproximadamente a un tercio de la altura total de la pared. Siguiendo el Vasar unos metros, franquearemos un espol\u00f3n, e, inmediatamente, veremos c\u00f3mo se abre el Corredor Central a nuestra derecha.<\/p>\n<p><figure id=\"attachment_2955\" aria-describedby=\"caption-attachment-2955\" style=\"width: 992px\" class=\"wp-caption aligncenter\"><a href=\"https:\/\/exploregranada.es\/wp-content\/uploads\/11-4.webp\"><img loading=\"lazy\" decoding=\"async\" class=\"size-full wp-image-2955\" src=\"https:\/\/exploregranada.es\/wp-content\/uploads\/11-4.webp\" alt=\"A la altura del Vasar del Mulhac\u00e9n. El Cerro de los Machos y el Picacho del Veleta iluminados por el amanecer\" width=\"992\" height=\"558\" srcset=\"https:\/\/exploregranada.es\/wp-content\/uploads\/11-4.webp 992w, https:\/\/exploregranada.es\/wp-content\/uploads\/11-4-800x450.webp 800w, https:\/\/exploregranada.es\/wp-content\/uploads\/11-4-768x432.webp 768w\" sizes=\"(max-width: 992px) 100vw, 992px\" \/><\/a><figcaption id=\"caption-attachment-2955\" class=\"wp-caption-text\">A la altura del Vasar del Mulhac\u00e9n.<br>El Cerro de los Machos y el Picacho del Veleta iluminados por el amanecer<\/figcaption><\/figure><br>\n<figure id=\"attachment_2956\" aria-describedby=\"caption-attachment-2956\" style=\"width: 992px\" class=\"wp-caption aligncenter\"><a href=\"https:\/\/exploregranada.es\/wp-content\/uploads\/12-5.webp\"><img loading=\"lazy\" decoding=\"async\" class=\"size-full wp-image-2956\" src=\"https:\/\/exploregranada.es\/wp-content\/uploads\/12-5.webp\" alt=\"Al inicio del Corredor Central. El Puntal de la Caldera destaca a nuestra espalda, en primer t\u00e9rmino\" width=\"992\" height=\"1764\" srcset=\"https:\/\/exploregranada.es\/wp-content\/uploads\/12-5.webp 992w, https:\/\/exploregranada.es\/wp-content\/uploads\/12-5-450x800.webp 450w, https:\/\/exploregranada.es\/wp-content\/uploads\/12-5-768x1366.webp 768w, https:\/\/exploregranada.es\/wp-content\/uploads\/12-5-864x1536.webp 864w\" sizes=\"(max-width: 992px) 100vw, 992px\" \/><\/a><figcaption id=\"caption-attachment-2956\" class=\"wp-caption-text\">Al inicio del Corredor Central.<br>El Puntal de la Caldera destaca a nuestra espalda, en primer t\u00e9rmino<\/figcaption><\/figure><\/p>\n<p>Tras subir unos 200 metros de corredor con pendientes comprendidas entre los 45 y los 50 grados, nos toparemos, muy probablemente, con un tramo helado de unos 10-15 metros de longitud que nos veremos obligados a asegurar.<\/p>\n<p><figure id=\"attachment_2957\" aria-describedby=\"caption-attachment-2957\" style=\"width: 992px\" class=\"wp-caption aligncenter\"><a href=\"https:\/\/exploregranada.es\/wp-content\/uploads\/13-3.webp\"><img loading=\"lazy\" decoding=\"async\" class=\"size-full wp-image-2957\" src=\"https:\/\/exploregranada.es\/wp-content\/uploads\/13-3.webp\" alt=\"En el Corredor Central. La Laguna de la Mosca abajo, a nuestra espalda\" width=\"992\" height=\"1760\" srcset=\"https:\/\/exploregranada.es\/wp-content\/uploads\/13-3.webp 992w, https:\/\/exploregranada.es\/wp-content\/uploads\/13-3-451x800.webp 451w, https:\/\/exploregranada.es\/wp-content\/uploads\/13-3-768x1363.webp 768w, https:\/\/exploregranada.es\/wp-content\/uploads\/13-3-866x1536.webp 866w\" sizes=\"(max-width: 992px) 100vw, 992px\" \/><\/a><figcaption id=\"caption-attachment-2957\" class=\"wp-caption-text\">En el Corredor Central. La Laguna de la Mosca abajo, a nuestra espalda<\/figcaption><\/figure><br>\n<figure id=\"attachment_2958\" aria-describedby=\"caption-attachment-2958\" style=\"width: 992px\" class=\"wp-caption aligncenter\"><a href=\"https:\/\/exploregranada.es\/wp-content\/uploads\/14-3.webp\"><img loading=\"lazy\" decoding=\"async\" class=\"size-full wp-image-2958\" src=\"https:\/\/exploregranada.es\/wp-content\/uploads\/14-3.webp\" alt=\"En el Corredor Central. La cordada que nos precede se sit\u00faa en el tramo helado\" width=\"992\" height=\"1676\" srcset=\"https:\/\/exploregranada.es\/wp-content\/uploads\/14-3.webp 992w, https:\/\/exploregranada.es\/wp-content\/uploads\/14-3-474x800.webp 474w, https:\/\/exploregranada.es\/wp-content\/uploads\/14-3-768x1298.webp 768w, https:\/\/exploregranada.es\/wp-content\/uploads\/14-3-909x1536.webp 909w\" sizes=\"(max-width: 992px) 100vw, 992px\" \/><\/a><figcaption id=\"caption-attachment-2958\" class=\"wp-caption-text\">En el Corredor Central. La cordada que nos precede se sit\u00faa en el tramo helado<\/figcaption><\/figure><\/p>\n<p>Tras superar dicho tramo, continuaremos avanzando unos 100 metros m\u00e1s, ya por nieve, hasta toparnos con el resalte rocoso que cierra el extremo superior del corredor. Abandonaremos el corredor siguiendo la bonita vira inclinada que parte hacia nuestra izquierda y que forma parte de la V\u00eda Lorente-Monle\u00f3n. La vira nos sacar\u00e1 a los neveros superiores de la cara norte, los cuales recorreremos hacia la izquierda, evitando de ese modo la banda rocosa superior y saliendo al tramo final de la Arista Noreste. Tras recorrer un corto tramo de arista siguiendo el camino que nos resulte m\u00e1s f\u00e1cil, llegaremos a la cumbre del Mulhac\u00e9n (<strong>punto 9<\/strong>).<\/p>\n<p><figure id=\"attachment_2959\" aria-describedby=\"caption-attachment-2959\" style=\"width: 992px\" class=\"wp-caption aligncenter\"><a href=\"https:\/\/exploregranada.es\/wp-content\/uploads\/15-3.webp\"><img loading=\"lazy\" decoding=\"async\" class=\"size-full wp-image-2959\" src=\"https:\/\/exploregranada.es\/wp-content\/uploads\/15-3.webp\" alt=\"Saliendo del Corredor Central a trav\u00e9s de la vira perteneciente a la V\u00eda Lorente-Monle\u00f3n. Estando muy avanzada la temporada, encontraremos muy poca nieve aqu\u00ed. \u00a1Ojo con las piedras!\" width=\"992\" height=\"1323\" srcset=\"https:\/\/exploregranada.es\/wp-content\/uploads\/15-3.webp 992w, https:\/\/exploregranada.es\/wp-content\/uploads\/15-3-600x800.webp 600w, https:\/\/exploregranada.es\/wp-content\/uploads\/15-3-768x1024.webp 768w\" sizes=\"(max-width: 992px) 100vw, 992px\" \/><\/a><figcaption id=\"caption-attachment-2959\" class=\"wp-caption-text\">Saliendo del Corredor Central a trav\u00e9s de la vira perteneciente a la V\u00eda Lorente-Monle\u00f3n. Estando muy avanzada la temporada, encontraremos muy poca nieve aqu\u00ed. \u00a1Ojo con las piedras!<\/figcaption><\/figure><br>\n<figure id=\"attachment_2960\" aria-describedby=\"caption-attachment-2960\" style=\"width: 992px\" class=\"wp-caption aligncenter\"><a href=\"https:\/\/exploregranada.es\/wp-content\/uploads\/16-3.webp\"><img loading=\"lazy\" decoding=\"async\" class=\"size-full wp-image-2960\" src=\"https:\/\/exploregranada.es\/wp-content\/uploads\/16-3.webp\" alt=\"\" width=\"992\" height=\"654\" srcset=\"https:\/\/exploregranada.es\/wp-content\/uploads\/16-3.webp 992w, https:\/\/exploregranada.es\/wp-content\/uploads\/16-3-800x527.webp 800w, https:\/\/exploregranada.es\/wp-content\/uploads\/16-3-768x506.webp 768w, https:\/\/exploregranada.es\/wp-content\/uploads\/16-3-120x80.webp 120w\" sizes=\"(max-width: 992px) 100vw, 992px\" \/><\/a><figcaption id=\"caption-attachment-2960\" class=\"wp-caption-text\">Saliendo de los neveros superiores de la cara norte en direcci\u00f3n a la Arista Noreste. Detr\u00e1s, la Laguna de la Caldera.<\/figcaption><\/figure><br>\n<figure id=\"attachment_2961\" aria-describedby=\"caption-attachment-2961\" style=\"width: 992px\" class=\"wp-caption aligncenter\"><a href=\"https:\/\/exploregranada.es\/wp-content\/uploads\/17-3.webp\"><img loading=\"lazy\" decoding=\"async\" class=\"size-full wp-image-2961\" src=\"https:\/\/exploregranada.es\/wp-content\/uploads\/17-3.webp\" alt=\"En la Arista Noreste con La Alcazaba a nuestra espalda \" width=\"992\" height=\"736\" srcset=\"https:\/\/exploregranada.es\/wp-content\/uploads\/17-3.webp 992w, https:\/\/exploregranada.es\/wp-content\/uploads\/17-3-800x594.webp 800w, https:\/\/exploregranada.es\/wp-content\/uploads\/17-3-768x570.webp 768w, https:\/\/exploregranada.es\/wp-content\/uploads\/17-3-204x150.webp 204w\" sizes=\"(max-width: 992px) 100vw, 992px\" \/><\/a><figcaption id=\"caption-attachment-2961\" class=\"wp-caption-text\">En la Arista Noreste con La Alcazaba a nuestra espalda<\/figcaption><\/figure><br>\n<figure id=\"attachment_2962\" aria-describedby=\"caption-attachment-2962\" style=\"width: 992px\" class=\"wp-caption aligncenter\"><a href=\"https:\/\/exploregranada.es\/wp-content\/uploads\/18-5.webp\"><img loading=\"lazy\" decoding=\"async\" class=\"size-full wp-image-2962\" src=\"https:\/\/exploregranada.es\/wp-content\/uploads\/18-5.webp\" alt=\"Cumbre del Mulhac\u00e9n (punto 9)\" width=\"992\" height=\"1338\" srcset=\"https:\/\/exploregranada.es\/wp-content\/uploads\/18-5.webp 992w, https:\/\/exploregranada.es\/wp-content\/uploads\/18-5-593x800.webp 593w, https:\/\/exploregranada.es\/wp-content\/uploads\/18-5-768x1036.webp 768w\" sizes=\"(max-width: 992px) 100vw, 992px\" \/><\/a><figcaption id=\"caption-attachment-2962\" class=\"wp-caption-text\">Cumbre del Mulhac\u00e9n (punto 9)<\/figcaption><\/figure><\/p>\n<p>La bajada desde el Mulhac\u00e9n la realizaremos siguiendo la v\u00eda normal, la cual recorre su cara oeste. No debemos relajarnos en exceso pues, aunque posee una pendiente moderada, la cara oeste puede presentar hielo. Nos dirigiremos hacia el Collado del Ciervo (<strong>punto 10<\/strong>), y, desde all\u00ed, descenderemos hacia la Laguna de la Mosca (<strong>punto 8<\/strong>).<\/p>\n<p><figure id=\"attachment_2963\" aria-describedby=\"caption-attachment-2963\" style=\"width: 992px\" class=\"wp-caption aligncenter\"><a href=\"https:\/\/exploregranada.es\/wp-content\/uploads\/19-2.webp\"><img loading=\"lazy\" decoding=\"async\" class=\"size-full wp-image-2963\" src=\"https:\/\/exploregranada.es\/wp-content\/uploads\/19-2.webp\" alt=\"Cara norte del Mulhac\u00e9n, vista desde el Collado del Ciervo (punto 10)\" width=\"992\" height=\"558\" srcset=\"https:\/\/exploregranada.es\/wp-content\/uploads\/19-2.webp 992w, https:\/\/exploregranada.es\/wp-content\/uploads\/19-2-800x450.webp 800w, https:\/\/exploregranada.es\/wp-content\/uploads\/19-2-768x432.webp 768w\" sizes=\"(max-width: 992px) 100vw, 992px\" \/><\/a><figcaption id=\"caption-attachment-2963\" class=\"wp-caption-text\">Cara norte del Mulhac\u00e9n, vista desde el Collado del Ciervo (punto 10)<\/figcaption><\/figure><br>\n<figure id=\"attachment_2964\" aria-describedby=\"caption-attachment-2964\" style=\"width: 992px\" class=\"wp-caption aligncenter\"><a href=\"https:\/\/exploregranada.es\/wp-content\/uploads\/20-2.webp\"><img loading=\"lazy\" decoding=\"async\" class=\"size-full wp-image-2964\" src=\"https:\/\/exploregranada.es\/wp-content\/uploads\/20-2.webp\" alt=\"Bajando hacia la Laguna de la Mosca bajo el cono de deyecci\u00f3n de la cara norte que marc\u00f3 el inicio de nuestra escalada \" width=\"992\" height=\"558\" srcset=\"https:\/\/exploregranada.es\/wp-content\/uploads\/20-2.webp 992w, https:\/\/exploregranada.es\/wp-content\/uploads\/20-2-800x450.webp 800w, https:\/\/exploregranada.es\/wp-content\/uploads\/20-2-768x432.webp 768w\" sizes=\"(max-width: 992px) 100vw, 992px\" \/><\/a><figcaption id=\"caption-attachment-2964\" class=\"wp-caption-text\">Bajando hacia la Laguna de la Mosca bajo el cono de deyecci\u00f3n de la cara norte que marc\u00f3 el inicio de nuestra escalada<\/figcaption><\/figure><\/p>\n<p>Una vez en la laguna, descansaremos brevemente, y, tras recoger todo el material, comenzaremos a descender. No debemos dilatar demasiado el regreso pues las temperaturas del atardecer podr\u00edan reblandecer demasiado la nieve, y nuestro paso por debajo de las Chorreras de la Mosca, atravesando el r\u00edo, podr\u00eda verse bastante comprometido.<\/p>\n<figure id=\"attachment_2965\" aria-describedby=\"caption-attachment-2965\" style=\"width: 992px\" class=\"wp-caption aligncenter\"><a href=\"https:\/\/exploregranada.es\/wp-content\/uploads\/21-2.webp\"><img loading=\"lazy\" decoding=\"async\" class=\"size-full wp-image-2965\" src=\"https:\/\/exploregranada.es\/wp-content\/uploads\/21-2.webp\" alt=\"Tras atravesar el r\u00edo en nuestro descenso, bajo las Chorreras de la Mosca\" width=\"992\" height=\"1764\" srcset=\"https:\/\/exploregranada.es\/wp-content\/uploads\/21-2.webp 992w, https:\/\/exploregranada.es\/wp-content\/uploads\/21-2-450x800.webp 450w, https:\/\/exploregranada.es\/wp-content\/uploads\/21-2-768x1366.webp 768w, https:\/\/exploregranada.es\/wp-content\/uploads\/21-2-864x1536.webp 864w\" sizes=\"(max-width: 992px) 100vw, 992px\" \/><\/a><figcaption id=\"caption-attachment-2965\" class=\"wp-caption-text\">Tras atravesar el r\u00edo en nuestro descenso, bajo las Chorreras de la Mosca<\/figcaption><\/figure>\n<p>Una vez superadas las Chorreras, solo nos quedar\u00e1 continuar bajando, deshaciendo el camino recorrido a la ida.<\/p>\n<p>La vuelta a la Vegueta del Caracol (<strong>punto 0<\/strong>) nos parecer\u00e1 interminable debido al cansancio acumulado, sin embargo, la sensaci\u00f3n de haber realizado una gran ascensi\u00f3n compensar\u00e1 con creces nuestro padecer.<\/p>\n<p><figure id=\"attachment_2966\" aria-describedby=\"caption-attachment-2966\" style=\"width: 992px\" class=\"wp-caption aligncenter\"><a href=\"https:\/\/exploregranada.es\/wp-content\/uploads\/22-2.webp\"><img loading=\"lazy\" decoding=\"async\" class=\"size-full wp-image-2966\" src=\"https:\/\/exploregranada.es\/wp-content\/uploads\/22-2.webp\" alt=\"Atravesando de nuevo el R\u00edo Valdecasillas en nuestro descenso\" width=\"992\" height=\"1764\" srcset=\"https:\/\/exploregranada.es\/wp-content\/uploads\/22-2.webp 992w, https:\/\/exploregranada.es\/wp-content\/uploads\/22-2-450x800.webp 450w, https:\/\/exploregranada.es\/wp-content\/uploads\/22-2-768x1366.webp 768w, https:\/\/exploregranada.es\/wp-content\/uploads\/22-2-864x1536.webp 864w\" sizes=\"(max-width: 992px) 100vw, 992px\" \/><\/a><figcaption id=\"caption-attachment-2966\" class=\"wp-caption-text\">Atravesando de nuevo el R\u00edo Valdecasillas en nuestro descenso<\/figcaption><\/figure><br>\n<figure id=\"attachment_2967\" aria-describedby=\"caption-attachment-2967\" style=\"width: 992px\" class=\"wp-caption aligncenter\"><a href=\"https:\/\/exploregranada.es\/wp-content\/uploads\/22-3.webp\"><img loading=\"lazy\" decoding=\"async\" class=\"size-full wp-image-2967\" src=\"https:\/\/exploregranada.es\/wp-content\/uploads\/22-3.webp\" alt=\"Gencianas de primavera\" width=\"992\" height=\"1764\" srcset=\"https:\/\/exploregranada.es\/wp-content\/uploads\/22-3.webp 992w, https:\/\/exploregranada.es\/wp-content\/uploads\/22-3-450x800.webp 450w, https:\/\/exploregranada.es\/wp-content\/uploads\/22-3-768x1366.webp 768w, https:\/\/exploregranada.es\/wp-content\/uploads\/22-3-864x1536.webp 864w\" sizes=\"(max-width: 992px) 100vw, 992px\" \/><\/a><figcaption id=\"caption-attachment-2967\" class=\"wp-caption-text\">Gencianas de primavera<\/figcaption><\/figure><br>\n<figure id=\"attachment_2968\" aria-describedby=\"caption-attachment-2968\" style=\"width: 992px\" class=\"wp-caption aligncenter\"><a href=\"https:\/\/exploregranada.es\/wp-content\/uploads\/24-2.webp\"><img loading=\"lazy\" decoding=\"async\" class=\"size-full wp-image-2968\" src=\"https:\/\/exploregranada.es\/wp-content\/uploads\/24-2.webp\" alt=\"Descendiendo junto al R\u00edo Valdecasillas. La cara norte del Mulhac\u00e9n al fondo\" width=\"992\" height=\"1764\" srcset=\"https:\/\/exploregranada.es\/wp-content\/uploads\/24-2.webp 992w, https:\/\/exploregranada.es\/wp-content\/uploads\/24-2-450x800.webp 450w, https:\/\/exploregranada.es\/wp-content\/uploads\/24-2-768x1366.webp 768w, https:\/\/exploregranada.es\/wp-content\/uploads\/24-2-864x1536.webp 864w\" sizes=\"(max-width: 992px) 100vw, 992px\" \/><\/a><figcaption id=\"caption-attachment-2968\" class=\"wp-caption-text\">Descendiendo junto al R\u00edo Valdecasillas. La cara norte del Mulhac\u00e9n al fondo<\/figcaption><\/figure><br>\n<figure id=\"attachment_2969\" aria-describedby=\"caption-attachment-2969\" style=\"width: 992px\" class=\"wp-caption aligncenter\"><a href=\"https:\/\/exploregranada.es\/wp-content\/uploads\/25-1.webp\"><img loading=\"lazy\" decoding=\"async\" class=\"size-full wp-image-2969\" src=\"https:\/\/exploregranada.es\/wp-content\/uploads\/25-1.webp\" alt=\"Escarabajo Malaquita sobre una flor de Manzanilla Com\u00fan  o Camomila\" width=\"992\" height=\"560\" srcset=\"https:\/\/exploregranada.es\/wp-content\/uploads\/25-1.webp 992w, https:\/\/exploregranada.es\/wp-content\/uploads\/25-1-800x452.webp 800w, https:\/\/exploregranada.es\/wp-content\/uploads\/25-1-768x434.webp 768w\" sizes=\"(max-width: 992px) 100vw, 992px\" \/><\/a><figcaption id=\"caption-attachment-2969\" class=\"wp-caption-text\">Escarabajo Malaquita sobre una flor de Manzanilla Com\u00fan o Camomila<\/figcaption><\/figure><br>\n<figure id=\"attachment_2970\" aria-describedby=\"caption-attachment-2970\" style=\"width: 992px\" class=\"wp-caption aligncenter\"><a href=\"https:\/\/exploregranada.es\/wp-content\/uploads\/26-2.webp\"><img loading=\"lazy\" decoding=\"async\" class=\"size-full wp-image-2970\" src=\"https:\/\/exploregranada.es\/wp-content\/uploads\/26-2.webp\" alt=\"Descendiendo junto al R\u00edo Valdeinfierno, en las proximidades de Cueva Secreta\" width=\"992\" height=\"1764\" srcset=\"https:\/\/exploregranada.es\/wp-content\/uploads\/26-2.webp 992w, https:\/\/exploregranada.es\/wp-content\/uploads\/26-2-450x800.webp 450w, https:\/\/exploregranada.es\/wp-content\/uploads\/26-2-768x1366.webp 768w, https:\/\/exploregranada.es\/wp-content\/uploads\/26-2-864x1536.webp 864w\" sizes=\"(max-width: 992px) 100vw, 992px\" \/><\/a><figcaption id=\"caption-attachment-2970\" class=\"wp-caption-text\">Descendiendo junto al R\u00edo Valdeinfierno, en las proximidades de Cueva Secreta<\/figcaption><\/figure><br>\n<figure id=\"attachment_2971\" aria-describedby=\"caption-attachment-2971\" style=\"width: 992px\" class=\"wp-caption aligncenter\"><a href=\"https:\/\/exploregranada.es\/wp-content\/uploads\/27-1.webp\"><img loading=\"lazy\" decoding=\"async\" class=\"size-full wp-image-2971\" src=\"https:\/\/exploregranada.es\/wp-content\/uploads\/27-1.webp\" alt=\"Aproxim\u00e1ndonos al puente sobre el R\u00edo Guarn\u00f3n\" width=\"992\" height=\"558\" srcset=\"https:\/\/exploregranada.es\/wp-content\/uploads\/27-1.webp 992w, https:\/\/exploregranada.es\/wp-content\/uploads\/27-1-800x450.webp 800w, https:\/\/exploregranada.es\/wp-content\/uploads\/27-1-768x432.webp 768w\" sizes=\"(max-width: 992px) 100vw, 992px\" \/><\/a><figcaption id=\"caption-attachment-2971\" class=\"wp-caption-text\">Aproxim\u00e1ndonos al puente sobre el R\u00edo Guarn\u00f3n<\/figcaption><\/figure><\/p>\n\n\n<p><\/p>\n","protected":false},"excerpt":{"rendered":"<p>Ascensi\u00f3n al Mulhac\u00e9n bajo condiciones invernales y siguiendo el Corredor Central de su cara norte, con salida a trav\u00e9s de la V\u00eda Lorente-Monle\u00f3n.<\/p>\n","protected":false},"featured_media":2760,"parent":0,"menu_order":0,"template":"","edades":[139],"epoca-del-ano":[134,136],"tipo-recorrido":[133],"duracion-de-la-actividad":[129],"entorno":[119],"dificultad":[116],"espacios-naturales":[101],"provincia":[96],"tipo-de-actividad":[53],"_links":{"self":[{"href":"https:\/\/exploregranada.es\/en\/wp-json\/wp\/v2\/actividades\/2759"}],"collection":[{"href":"https:\/\/exploregranada.es\/en\/wp-json\/wp\/v2\/actividades"}],"about":[{"href":"https:\/\/exploregranada.es\/en\/wp-json\/wp\/v2\/types\/actividades"}],"version-history":[{"count":5,"href":"https:\/\/exploregranada.es\/en\/wp-json\/wp\/v2\/actividades\/2759\/revisions"}],"predecessor-version":[{"id":3919,"href":"https:\/\/exploregranada.es\/en\/wp-json\/wp\/v2\/actividades\/2759\/revisions\/3919"}],"wp:featuredmedia":[{"embeddable":true,"href":"https:\/\/exploregranada.es\/en\/wp-json\/wp\/v2\/media\/2760"}],"wp:attachment":[{"href":"https:\/\/exploregranada.es\/en\/wp-json\/wp\/v2\/media?parent=2759"}],"wp:term":[{"taxonomy":"edades","embeddable":true,"href":"https:\/\/exploregranada.es\/en\/wp-json\/wp\/v2\/edades?post=2759"},{"taxonomy":"epoca-del-ano","embeddable":true,"href":"https:\/\/exploregranada.es\/en\/wp-json\/wp\/v2\/epoca-del-ano?post=2759"},{"taxonomy":"tipo-recorrido","embeddable":true,"href":"https:\/\/exploregranada.es\/en\/wp-json\/wp\/v2\/tipo-recorrido?post=2759"},{"taxonomy":"duracion-de-la-actividad","embeddable":true,"href":"https:\/\/exploregranada.es\/en\/wp-json\/wp\/v2\/duracion-de-la-actividad?post=2759"},{"taxonomy":"entorno","embeddable":true,"href":"https:\/\/exploregranada.es\/en\/wp-json\/wp\/v2\/entorno?post=2759"},{"taxonomy":"dificultad","embeddable":true,"href":"https:\/\/exploregranada.es\/en\/wp-json\/wp\/v2\/dificultad?post=2759"},{"taxonomy":"espacios-naturales","embeddable":true,"href":"https:\/\/exploregranada.es\/en\/wp-json\/wp\/v2\/espacios-naturales?post=2759"},{"taxonomy":"provincia","embeddable":true,"href":"https:\/\/exploregranada.es\/en\/wp-json\/wp\/v2\/provincia?post=2759"},{"taxonomy":"tipo-de-actividad","embeddable":true,"href":"https:\/\/exploregranada.es\/en\/wp-json\/wp\/v2\/tipo-de-actividad?post=2759"}],"curies":[{"name":"wp","href":"https:\/\/api.w.org\/{rel}","templated":true}]}}