{"id":2767,"date":"2022-10-27T10:35:13","date_gmt":"2022-10-27T10:35:13","guid":{"rendered":"https:\/\/redprovincialdeitinerarios.accionmk.com\/?post_type=actividades&#038;p=2767"},"modified":"2022-12-21T14:54:19","modified_gmt":"2022-12-21T13:54:19","slug":"mulhacen-hoya-de-la-mora-trevelez","status":"publish","type":"actividades","link":"https:\/\/exploregranada.es\/en\/actividades\/mulhacen-hoya-de-la-mora-trevelez\/","title":{"rendered":"Mulhac\u00e9n (Hoya de la Mora &#8211; Trev\u00e9lez)"},"content":{"rendered":"<p><strong>D\u00cdA 1<\/strong>: HOYA DE LA MORA \u2013 REFUGIO DE LA CALDERA<\/p>\n<p>Partimos desde la Hoya de la Mora o Albergues (<strong>punto 0<\/strong>) hacia el sur, en sentido ascendente, pasando cerca del monumento dedicado a la Virgen de las Nieves, y siguiendo la Loma de Cauchiles despu\u00e9s.<\/p>\n<figure id=\"attachment_3258\" aria-describedby=\"caption-attachment-3258\" style=\"width: 992px\" class=\"wp-caption aligncenter\"><a href=\"https:\/\/exploregranada.es\/wp-content\/uploads\/1-13.webp\"><img loading=\"lazy\" decoding=\"async\" class=\"size-full wp-image-3258\" src=\"https:\/\/exploregranada.es\/wp-content\/uploads\/1-13.webp\" alt=\"El Moj\u00f3n del Trigo, antiguo observatorio astron\u00f3mico situado en la hoya de la Mora\" width=\"992\" height=\"661\" srcset=\"https:\/\/exploregranada.es\/wp-content\/uploads\/1-13.webp 992w, https:\/\/exploregranada.es\/wp-content\/uploads\/1-13-800x533.webp 800w, https:\/\/exploregranada.es\/wp-content\/uploads\/1-13-768x512.webp 768w, https:\/\/exploregranada.es\/wp-content\/uploads\/1-13-120x80.webp 120w\" sizes=\"(max-width: 992px) 100vw, 992px\" \/><\/a><figcaption id=\"caption-attachment-3258\" class=\"wp-caption-text\">El Moj\u00f3n del Trigo, antiguo observatorio astron\u00f3mico<br \/>situado en la hoya de la Mora<\/figcaption><\/figure>\n<figure id=\"attachment_3259\" aria-describedby=\"caption-attachment-3259\" style=\"width: 992px\" class=\"wp-caption aligncenter\"><a href=\"https:\/\/exploregranada.es\/wp-content\/uploads\/2-15.webp\"><img loading=\"lazy\" decoding=\"async\" class=\"size-full wp-image-3259\" src=\"https:\/\/exploregranada.es\/wp-content\/uploads\/2-15.webp\" alt=\"Ascendiendo desde la Hoya de la Mora\" width=\"992\" height=\"661\" srcset=\"https:\/\/exploregranada.es\/wp-content\/uploads\/2-15.webp 992w, https:\/\/exploregranada.es\/wp-content\/uploads\/2-15-800x533.webp 800w, https:\/\/exploregranada.es\/wp-content\/uploads\/2-15-768x512.webp 768w, https:\/\/exploregranada.es\/wp-content\/uploads\/2-15-120x80.webp 120w\" sizes=\"(max-width: 992px) 100vw, 992px\" \/><\/a><figcaption id=\"caption-attachment-3259\" class=\"wp-caption-text\">Ascendiendo desde la Hoya de la Mora<\/figcaption><\/figure>\n<figure id=\"attachment_3260\" aria-describedby=\"caption-attachment-3260\" style=\"width: 992px\" class=\"wp-caption aligncenter\"><a href=\"https:\/\/exploregranada.es\/wp-content\/uploads\/3-10.webp\"><img loading=\"lazy\" decoding=\"async\" class=\"size-full wp-image-3260\" src=\"https:\/\/exploregranada.es\/wp-content\/uploads\/3-10.webp\" alt=\"El barranco de San Juan visto desde Cauchiles\" width=\"992\" height=\"661\" srcset=\"https:\/\/exploregranada.es\/wp-content\/uploads\/3-10.webp 992w, https:\/\/exploregranada.es\/wp-content\/uploads\/3-10-800x533.webp 800w, https:\/\/exploregranada.es\/wp-content\/uploads\/3-10-768x512.webp 768w, https:\/\/exploregranada.es\/wp-content\/uploads\/3-10-120x80.webp 120w\" sizes=\"(max-width: 992px) 100vw, 992px\" \/><\/a><figcaption id=\"caption-attachment-3260\" class=\"wp-caption-text\">El barranco de San Juan visto desde Cauchiles<\/figcaption><\/figure>\n<figure id=\"attachment_3261\" aria-describedby=\"caption-attachment-3261\" style=\"width: 992px\" class=\"wp-caption aligncenter\"><a href=\"https:\/\/exploregranada.es\/wp-content\/uploads\/4-10.webp\"><img loading=\"lazy\" decoding=\"async\" class=\"size-full wp-image-3261\" src=\"https:\/\/exploregranada.es\/wp-content\/uploads\/4-10.webp\" alt=\"La estaci\u00f3n de esqu\u00ed (Borreguiles) vista desde Cauchiles\" width=\"992\" height=\"661\" srcset=\"https:\/\/exploregranada.es\/wp-content\/uploads\/4-10.webp 992w, https:\/\/exploregranada.es\/wp-content\/uploads\/4-10-800x533.webp 800w, https:\/\/exploregranada.es\/wp-content\/uploads\/4-10-768x512.webp 768w, https:\/\/exploregranada.es\/wp-content\/uploads\/4-10-120x80.webp 120w\" sizes=\"(max-width: 992px) 100vw, 992px\" \/><\/a><figcaption id=\"caption-attachment-3261\" class=\"wp-caption-text\">La estaci\u00f3n de esqu\u00ed (Borreguiles) vista desde Cauchiles<\/figcaption><\/figure>\n<p>Transcurridas unas 2 horas y media desde nuestra partida, llegaremos a las Posiciones, lugar desde el que podremos asomarnos al Corral del Veleta y contemplar las vertientes norte del Cerro de los Machos y del Picacho del Veleta. A partir de aqu\u00ed (<strong>punto 1<\/strong>) seguiremos el trazado de la antigua carretera Granada-Alpujarra, convertida ahora en una estrecha pista de esqu\u00ed que recorre a media ladera la vertiente oeste del Veleta. Tras vernos obligados a cruzar otras pistas de esqu\u00ed en sentido transversal (extremando las precauciones para evitar que los esquiadores choquen contra nosotros), llegaremos a La Carihuela (<strong>punto 2<\/strong>) y a su refugio-vivac.<\/p>\n<p>Existe la posibilidad de que el Refugio-vivac de La Carihuela se encuentre parcial o totalmente cubierto por la nieve debido a su posici\u00f3n, a sotavento, la cual favorece que dicha circunstancia se produzca ante excepcionales nevadas.<\/p>\n<figure id=\"attachment_3262\" aria-describedby=\"caption-attachment-3262\" style=\"width: 992px\" class=\"wp-caption aligncenter\"><a href=\"https:\/\/exploregranada.es\/wp-content\/uploads\/5-10.webp\"><img loading=\"lazy\" decoding=\"async\" class=\"size-full wp-image-3262\" src=\"https:\/\/exploregranada.es\/wp-content\/uploads\/5-10.webp\" alt=\"En las proximidades de las Posiciones del Veleta\" width=\"992\" height=\"558\" srcset=\"https:\/\/exploregranada.es\/wp-content\/uploads\/5-10.webp 992w, https:\/\/exploregranada.es\/wp-content\/uploads\/5-10-800x450.webp 800w, https:\/\/exploregranada.es\/wp-content\/uploads\/5-10-768x432.webp 768w\" sizes=\"(max-width: 992px) 100vw, 992px\" \/><\/a><figcaption id=\"caption-attachment-3262\" class=\"wp-caption-text\">En las proximidades de las Posiciones del Veleta<\/figcaption><\/figure>\n<figure id=\"attachment_3263\" aria-describedby=\"caption-attachment-3263\" style=\"width: 992px\" class=\"wp-caption aligncenter\"><a href=\"https:\/\/exploregranada.es\/wp-content\/uploads\/6-9.webp\"><img loading=\"lazy\" decoding=\"async\" class=\"size-full wp-image-3263\" src=\"https:\/\/exploregranada.es\/wp-content\/uploads\/6-9.webp\" alt=\"La arista del Tosal del Cartujo vista desde la vertiente oeste del Veleta\" width=\"992\" height=\"661\" srcset=\"https:\/\/exploregranada.es\/wp-content\/uploads\/6-9.webp 992w, https:\/\/exploregranada.es\/wp-content\/uploads\/6-9-800x533.webp 800w, https:\/\/exploregranada.es\/wp-content\/uploads\/6-9-768x512.webp 768w, https:\/\/exploregranada.es\/wp-content\/uploads\/6-9-120x80.webp 120w\" sizes=\"(max-width: 992px) 100vw, 992px\" \/><\/a><figcaption id=\"caption-attachment-3263\" class=\"wp-caption-text\">La arista del Tosal del Cartujo vista desde la vertiente oeste del Veleta<\/figcaption><\/figure>\n<figure id=\"attachment_3264\" aria-describedby=\"caption-attachment-3264\" style=\"width: 992px\" class=\"wp-caption aligncenter\"><a href=\"https:\/\/exploregranada.es\/wp-content\/uploads\/7-10.webp\"><img loading=\"lazy\" decoding=\"async\" class=\"size-full wp-image-3264\" src=\"https:\/\/exploregranada.es\/wp-content\/uploads\/7-10.webp\" alt=\"La entrada al refugio-vivac de La Carihuela (punto 2), completamente cubierto de nieve \" width=\"992\" height=\"744\" srcset=\"https:\/\/exploregranada.es\/wp-content\/uploads\/7-10.webp 992w, https:\/\/exploregranada.es\/wp-content\/uploads\/7-10-800x600.webp 800w, https:\/\/exploregranada.es\/wp-content\/uploads\/7-10-768x576.webp 768w\" sizes=\"(max-width: 992px) 100vw, 992px\" \/><\/a><figcaption id=\"caption-attachment-3264\" class=\"wp-caption-text\">La entrada al refugio-vivac de La Carihuela (punto 2),<br \/>completamente cubierto de nieve<\/figcaption><\/figure>\n<p>Una vez sobrepasada La Carihuela, dejaremos atr\u00e1s la estaci\u00f3n de esqu\u00ed para adentrarnos en la solitaria vertiente sur de la sierra. Desde el collado tendremos que descender hasta alcanzar la base del primer escal\u00f3n rocoso que se sit\u00faa por debajo. Nos encontraremos entonces en los Vasares del Veleta por los que discurre la traza de la antigua carretera Granada-Alpujarra, la cual probablemente no veremos, al encontrarse completamente cubierta de nieve. A partir de aqu\u00ed iremos a media ladera, en direcci\u00f3n este, notando como, poco a poco, la pendiente decrece y nuestro entorno se amplia. A nuestra izquierda, podremos contemplar la agreste cara sur del Veleta. M\u00e1s adelante, dependiendo de las condiciones que presente el Paso de Los Machos (<strong>punto 3<\/strong>), podremos optar por continuar a media ladera y atravesarlo, o, por el contrario, descender unos 200 metros, alcanzar la hoya situada en la base de la vertiente sur del Cerro de Los Machos y recorrer dicha vaguada hasta llegar a la Puerta o el Portillo de R\u00edo Seco (<strong>punto 4<\/strong>).<\/p>\n<p>El Paso de Los Machos, denominado as\u00ed por los monta\u00f1eros, es un corto paso que puede presentar importantes pendientes que deben recorrerse tanto lateral como frontalmente (en sentido descendente). Dada la importante exposici\u00f3n a la ca\u00edda que el paso puede presentar (en caso de existir nieve dura o hielo), es preferible evitarlo.<\/p>\n<p>Otra circunstancia que puede animarnos a atravesar la vaguada en lugar de recorrer a media ladera la vertiente sur del Cerro de Los Machos, es la posibilidad de que se produzcan aludes o desprendimientos en dicho lugar (tras un temporal, al encontrarse la ladera orientada al sur, pueden desprenderse piedras y\/o fragmentos de hielo desde su parte superior).<\/p>\n<figure id=\"attachment_3265\" aria-describedby=\"caption-attachment-3265\" style=\"width: 992px\" class=\"wp-caption aligncenter\"><a href=\"https:\/\/exploregranada.es\/wp-content\/uploads\/8-9.webp\"><img loading=\"lazy\" decoding=\"async\" class=\"size-full wp-image-3265\" src=\"https:\/\/exploregranada.es\/wp-content\/uploads\/8-9.webp\" alt=\"Bajada desde La Carihuela, con el valle del R\u00edo Veleta a nuestros pies\" width=\"992\" height=\"661\" srcset=\"https:\/\/exploregranada.es\/wp-content\/uploads\/8-9.webp 992w, https:\/\/exploregranada.es\/wp-content\/uploads\/8-9-800x533.webp 800w, https:\/\/exploregranada.es\/wp-content\/uploads\/8-9-768x512.webp 768w, https:\/\/exploregranada.es\/wp-content\/uploads\/8-9-120x80.webp 120w\" sizes=\"(max-width: 992px) 100vw, 992px\" \/><\/a><figcaption id=\"caption-attachment-3265\" class=\"wp-caption-text\">Bajada desde La Carihuela,con el valle del R\u00edo Veleta a nuestros pies<\/figcaption><\/figure>\n<figure id=\"attachment_3266\" aria-describedby=\"caption-attachment-3266\" style=\"width: 992px\" class=\"wp-caption aligncenter\"><a href=\"https:\/\/exploregranada.es\/wp-content\/uploads\/9-copia.webp\"><img loading=\"lazy\" decoding=\"async\" class=\"size-full wp-image-3266\" src=\"https:\/\/exploregranada.es\/wp-content\/uploads\/9-copia.webp\" alt=\"Media ladera a trav\u00e9s de los Vasares del Veleta, en direcci\u00f3n al Paso de los Machos\" width=\"992\" height=\"558\" srcset=\"https:\/\/exploregranada.es\/wp-content\/uploads\/9-copia.webp 992w, https:\/\/exploregranada.es\/wp-content\/uploads\/9-copia-800x450.webp 800w, https:\/\/exploregranada.es\/wp-content\/uploads\/9-copia-768x432.webp 768w\" sizes=\"(max-width: 992px) 100vw, 992px\" \/><\/a><figcaption id=\"caption-attachment-3266\" class=\"wp-caption-text\">Media ladera a trav\u00e9s de los Vasares del Veleta,<br \/>en direcci\u00f3n al Paso de los Machos<\/figcaption><\/figure>\n<figure id=\"attachment_3268\" aria-describedby=\"caption-attachment-3268\" style=\"width: 992px\" class=\"wp-caption aligncenter\"><a href=\"https:\/\/exploregranada.es\/wp-content\/uploads\/10-10.webp\"><img loading=\"lazy\" decoding=\"async\" class=\"size-full wp-image-3268\" src=\"https:\/\/exploregranada.es\/wp-content\/uploads\/10-10.webp\" alt=\"Hacia la Puerta de r\u00edo Seco a trav\u00e9s de la hoya situada bajo la vertiente sur de Los Machos\" width=\"992\" height=\"558\" srcset=\"https:\/\/exploregranada.es\/wp-content\/uploads\/10-10.webp 992w, https:\/\/exploregranada.es\/wp-content\/uploads\/10-10-800x450.webp 800w, https:\/\/exploregranada.es\/wp-content\/uploads\/10-10-768x432.webp 768w\" sizes=\"(max-width: 992px) 100vw, 992px\" \/><\/a><figcaption id=\"caption-attachment-3268\" class=\"wp-caption-text\">Hacia la Puerta de r\u00edo Seco a trav\u00e9s de la hoya situada<br \/>bajo la vertiente sur de Los Machos<\/figcaption><\/figure>\n<p>La Puerta o el Portillo de R\u00edo Seco es el resultado del tallado ejecutado en su d\u00eda sobre la roca para facilitar el trazado de la antigua carretera. Una vez traspasado este punto, nos encontraremos en la cabecera del valle de R\u00edo Seco, un gran circo de origen glaciar flanqueado por los Raspones de R\u00edo Seco (al oeste), por los Crestones de R\u00edo Seco (al norte) y por Loma Pel\u00e1 (al este), hacia la cual nos dirigiremos.<\/p>\n<figure id=\"attachment_3269\" aria-describedby=\"caption-attachment-3269\" style=\"width: 992px\" class=\"wp-caption aligncenter\"><a href=\"https:\/\/exploregranada.es\/wp-content\/uploads\/11-10.webp\"><img loading=\"lazy\" decoding=\"async\" class=\"size-full wp-image-3269\" src=\"https:\/\/exploregranada.es\/wp-content\/uploads\/11-10.webp\" alt=\"Llegando a la Puerta de r\u00edo Seco (punto 4)\" width=\"992\" height=\"558\" srcset=\"https:\/\/exploregranada.es\/wp-content\/uploads\/11-10.webp 992w, https:\/\/exploregranada.es\/wp-content\/uploads\/11-10-800x450.webp 800w, https:\/\/exploregranada.es\/wp-content\/uploads\/11-10-768x432.webp 768w\" sizes=\"(max-width: 992px) 100vw, 992px\" \/><\/a><figcaption id=\"caption-attachment-3269\" class=\"wp-caption-text\">Llegando a la Puerta de r\u00edo Seco (punto 4)<\/figcaption><\/figure>\n<figure id=\"attachment_3270\" aria-describedby=\"caption-attachment-3270\" style=\"width: 992px\" class=\"wp-caption aligncenter\"><a href=\"https:\/\/exploregranada.es\/wp-content\/uploads\/12-9.webp\"><img loading=\"lazy\" decoding=\"async\" class=\"wp-image-3270 size-full\" src=\"https:\/\/exploregranada.es\/wp-content\/uploads\/12-9.webp\" alt=\"Recorriendo la cabecera del valle de r\u00edo Seco. El Mulhac\u00e9n al fondo\" width=\"992\" height=\"744\" srcset=\"https:\/\/exploregranada.es\/wp-content\/uploads\/12-9.webp 992w, https:\/\/exploregranada.es\/wp-content\/uploads\/12-9-800x600.webp 800w, https:\/\/exploregranada.es\/wp-content\/uploads\/12-9-768x576.webp 768w\" sizes=\"(max-width: 992px) 100vw, 992px\" \/><\/a><figcaption id=\"caption-attachment-3270\" class=\"wp-caption-text\">Recorriendo la cabecera del valle de r\u00edo Seco. El Mulhac\u00e9n al fondo<\/figcaption><\/figure>\n<p>En este punto se nos presentan de nuevo varias alternativas. Si las condiciones son de nieve dura o de hielo y no tenemos constancia de la existencia de huella entre Loma Pel\u00e1 (<strong>punto 5<\/strong>) y el Refugio-vivac de La Caldera (<strong>punto 6<\/strong>), hay niebla o existe riesgo de aludes, lo aconsejable es no subir a Loma Pel\u00e1 y continuar a media ladera en direcci\u00f3n sur, pasando junto al Refugio de Villa Vientos y rodeando la loma por el sur hasta llegar al Refugio-vivac de La Caldera. Por el contrario, si las condiciones son favorables, y nos sentimos confiados, subiremos a Loma Pel\u00e1 (punto 5), y, desde all\u00ed, recorreremos lateralmente, en paulatino descenso, la entre moderada y fuerte pendiente de la vertiente norte de la profunda hoya en la que se sit\u00faa la Laguna de La Caldera. Una tercera opci\u00f3n consiste en dirigirnos hacia la derecha una vez hayamos alcanzado Loma Pel\u00e1 (punto 5), remontando el m\u00e1s alto de los promontorios situados sobre la misma. Una vez situados sobre el promontorio, buscaremos la forma m\u00e1s c\u00f3moda y menos pronunciada de bajar la ladera oeste de Loma Pel\u00e1, siguiendo una evidente vaguada. De un modo u otro, una vez revasada Loma Pel\u00e1, habremos llegado a La Caldera, en cuyo refugio-vivac (punto 6) pernoctaremos.<\/p>\n<figure id=\"attachment_3271\" aria-describedby=\"caption-attachment-3271\" style=\"width: 992px\" class=\"wp-caption aligncenter\"><a href=\"https:\/\/exploregranada.es\/wp-content\/uploads\/13-7.webp\"><img loading=\"lazy\" decoding=\"async\" class=\"size-full wp-image-3271\" src=\"https:\/\/exploregranada.es\/wp-content\/uploads\/13-7.webp\" alt=\"Sobre Loma Pel\u00e1 (punto 5) con el Mulhac\u00e9n al fondo\" width=\"992\" height=\"558\" srcset=\"https:\/\/exploregranada.es\/wp-content\/uploads\/13-7.webp 992w, https:\/\/exploregranada.es\/wp-content\/uploads\/13-7-800x450.webp 800w, https:\/\/exploregranada.es\/wp-content\/uploads\/13-7-768x432.webp 768w\" sizes=\"(max-width: 992px) 100vw, 992px\" \/><\/a><figcaption id=\"caption-attachment-3271\" class=\"wp-caption-text\">Sobre Loma Pel\u00e1 (punto 5) con el Mulhac\u00e9n al fondo<\/figcaption><\/figure>\n<figure id=\"attachment_3272\" aria-describedby=\"caption-attachment-3272\" style=\"width: 992px\" class=\"wp-caption alignnone\"><a href=\"https:\/\/exploregranada.es\/wp-content\/uploads\/14-copia.webp\"><img loading=\"lazy\" decoding=\"async\" class=\"wp-image-3272 size-full\" src=\"https:\/\/exploregranada.es\/wp-content\/uploads\/14-copia.webp\" alt=\"Descenso hacia el refugio-vivac de La Caldera (punto 6) desde loma Pel\u00e1 (punto 5) y recorriendo la vertiente norte de la Hoya de La Caldera.\" width=\"992\" height=\"744\" srcset=\"https:\/\/exploregranada.es\/wp-content\/uploads\/14-copia.webp 992w, https:\/\/exploregranada.es\/wp-content\/uploads\/14-copia-800x600.webp 800w, https:\/\/exploregranada.es\/wp-content\/uploads\/14-copia-768x576.webp 768w\" sizes=\"(max-width: 992px) 100vw, 992px\" \/><\/a><figcaption id=\"caption-attachment-3272\" class=\"wp-caption-text\">Descenso hacia el refugio-vivac de La Caldera (punto 6) desde loma Pel\u00e1 (punto 5) y recorriendo la vertiente norte de la Hoya de La Caldera.<\/figcaption><\/figure>\n<figure id=\"attachment_3873\" aria-describedby=\"caption-attachment-3873\" style=\"width: 992px\" class=\"wp-caption aligncenter\"><a href=\"https:\/\/exploregranada.es\/wp-content\/uploads\/15-17.webp\"><img loading=\"lazy\" decoding=\"async\" class=\"size-full wp-image-3873\" src=\"https:\/\/exploregranada.es\/wp-content\/uploads\/15-17.webp\" alt=\"Refugio-vivac de La Caldera (punto 6),situado a los pies de la vertiente oeste del Mulhac\u00e9n\" width=\"992\" height=\"558\" srcset=\"https:\/\/exploregranada.es\/wp-content\/uploads\/15-17.webp 992w, https:\/\/exploregranada.es\/wp-content\/uploads\/15-17-800x450.webp 800w, https:\/\/exploregranada.es\/wp-content\/uploads\/15-17-768x432.webp 768w, https:\/\/exploregranada.es\/wp-content\/uploads\/15-17-18x10.webp 18w\" sizes=\"(max-width: 992px) 100vw, 992px\" \/><\/a><figcaption id=\"caption-attachment-3873\" class=\"wp-caption-text\">Refugio-vivac de La Caldera (punto 6),<br \/>situado a los pies de la vertiente oeste del Mulhac\u00e9n<\/figcaption><\/figure>\n<p>El Refugio-vivac de La Caldera (punto 6) cuenta con bancos y una mesa, as\u00ed como con dos literas corridas, una baja y otra alta, sobre las que pueden dormir entre 15 y 20 personas. Este refugio es muy utilizado por aquellos monta\u00f1eros que, accediendo al mismo desde Capileira (Hoya del Portillo, Refugio del Poqueira\u2026), pretenden ascender al Mulhac\u00e9n a trav\u00e9s de su cara oeste (siguiendo la v\u00eda normal), o a trav\u00e9s de su cara norte (bajo condiciones invernales). Es por ello que podr\u00edamos encontrar el refugio bastante lleno a nuestra llegada, vi\u00e9ndonos obligados a dormir sobre la mesa, sobre los bancos, o, incluso, sobre el suelo, el cual podr\u00eda encontrarse encharcado. Ante dicha perspectiva (sobre todo en puentes o en \u00e9poca de vacaciones), lo recomendable es portear tiendas de campa\u00f1a.<\/p>\n<figure id=\"attachment_3274\" aria-describedby=\"caption-attachment-3274\" style=\"width: 992px\" class=\"wp-caption aligncenter\"><a href=\"https:\/\/exploregranada.es\/wp-content\/uploads\/16-8.webp\"><img loading=\"lazy\" decoding=\"async\" class=\"size-full wp-image-3274\" src=\"https:\/\/exploregranada.es\/wp-content\/uploads\/16-8.webp\" alt=\"En el Refugio-vivac de La Caldera (punto 6)\" width=\"992\" height=\"1367\" srcset=\"https:\/\/exploregranada.es\/wp-content\/uploads\/16-8.webp 992w, https:\/\/exploregranada.es\/wp-content\/uploads\/16-8-581x800.webp 581w, https:\/\/exploregranada.es\/wp-content\/uploads\/16-8-768x1058.webp 768w\" sizes=\"(max-width: 992px) 100vw, 992px\" \/><\/a><figcaption id=\"caption-attachment-3274\" class=\"wp-caption-text\">En el Refugio-vivac de La Caldera (punto 6)<\/figcaption><\/figure>\n<figure id=\"attachment_3275\" aria-describedby=\"caption-attachment-3275\" style=\"width: 992px\" class=\"wp-caption aligncenter\"><a href=\"https:\/\/exploregranada.es\/wp-content\/uploads\/18-10.webp\"><img loading=\"lazy\" decoding=\"async\" class=\"size-full wp-image-3275\" src=\"https:\/\/exploregranada.es\/wp-content\/uploads\/18-10.webp\" alt=\"Anochece en el Refugio-vivac de La Caldera (punto 6)\" width=\"992\" height=\"731\" srcset=\"https:\/\/exploregranada.es\/wp-content\/uploads\/18-10.webp 992w, https:\/\/exploregranada.es\/wp-content\/uploads\/18-10-800x590.webp 800w, https:\/\/exploregranada.es\/wp-content\/uploads\/18-10-768x566.webp 768w, https:\/\/exploregranada.es\/wp-content\/uploads\/18-10-204x150.webp 204w\" sizes=\"(max-width: 992px) 100vw, 992px\" \/><\/a><figcaption id=\"caption-attachment-3275\" class=\"wp-caption-text\">Anochece en el Refugio-vivac de La Caldera (punto 6)<\/figcaption><\/figure>\n<figure id=\"attachment_3279\" aria-describedby=\"caption-attachment-3279\" style=\"width: 992px\" class=\"wp-caption aligncenter\"><a href=\"https:\/\/exploregranada.es\/wp-content\/uploads\/19-6.webp\"><img loading=\"lazy\" decoding=\"async\" class=\"size-full wp-image-3279\" src=\"https:\/\/exploregranada.es\/wp-content\/uploads\/19-6.webp\" alt=\"Un zorro, visitante nocturno habitual\" width=\"992\" height=\"661\" srcset=\"https:\/\/exploregranada.es\/wp-content\/uploads\/19-6.webp 992w, https:\/\/exploregranada.es\/wp-content\/uploads\/19-6-800x533.webp 800w, https:\/\/exploregranada.es\/wp-content\/uploads\/19-6-768x512.webp 768w, https:\/\/exploregranada.es\/wp-content\/uploads\/19-6-120x80.webp 120w\" sizes=\"(max-width: 992px) 100vw, 992px\" \/><\/a><figcaption id=\"caption-attachment-3279\" class=\"wp-caption-text\">Un zorro, visitante nocturno habitual<\/figcaption><\/figure>\n<p><strong>D\u00cdA 2<\/strong>: REFUGIO DE LA CALDERA-MULHAC\u00c9N-TREV\u00c9LEZ<\/p>\n<p>El segundo d\u00eda de nuestra traves\u00eda partiremos desde el Refugio-vivac de La Caldera (<strong>punto 6<\/strong>) en direcci\u00f3n a la cima del Mulhac\u00e9n. Para ello tendremos que remontar unos 400 metros de desnivel a trav\u00e9s de su vertiente oeste. En esta subida es frecuente encontrar hielo, sobre todo en la parte final de la misma debido a su exposici\u00f3n al viento.<\/p>\n<figure id=\"attachment_3280\" aria-describedby=\"caption-attachment-3280\" style=\"width: 992px\" class=\"wp-caption aligncenter\"><a href=\"https:\/\/exploregranada.es\/wp-content\/uploads\/20-6.webp\"><img loading=\"lazy\" decoding=\"async\" class=\"size-full wp-image-3280\" src=\"https:\/\/exploregranada.es\/wp-content\/uploads\/20-6.webp\" alt=\"Cara norte del Mulhac\u00e9n, tras el temporal\" width=\"992\" height=\"1131\" srcset=\"https:\/\/exploregranada.es\/wp-content\/uploads\/20-6.webp 992w, https:\/\/exploregranada.es\/wp-content\/uploads\/20-6-702x800.webp 702w, https:\/\/exploregranada.es\/wp-content\/uploads\/20-6-768x876.webp 768w\" sizes=\"(max-width: 992px) 100vw, 992px\" \/><\/a><figcaption id=\"caption-attachment-3280\" class=\"wp-caption-text\">Cara norte del Mulhac\u00e9n, tras el temporal<\/figcaption><\/figure>\n<figure id=\"attachment_3281\" aria-describedby=\"caption-attachment-3281\" style=\"width: 992px\" class=\"wp-caption aligncenter\"><a href=\"https:\/\/exploregranada.es\/wp-content\/uploads\/21-6.webp\"><img loading=\"lazy\" decoding=\"async\" class=\"size-full wp-image-3281\" src=\"https:\/\/exploregranada.es\/wp-content\/uploads\/21-6.webp\" alt=\"Subiendo la cara oeste del Mulhac\u00e9n desde La Caldera. El Veleta y el cerro de Los Machos al fondo\" width=\"992\" height=\"558\" srcset=\"https:\/\/exploregranada.es\/wp-content\/uploads\/21-6.webp 992w, https:\/\/exploregranada.es\/wp-content\/uploads\/21-6-800x450.webp 800w, https:\/\/exploregranada.es\/wp-content\/uploads\/21-6-768x432.webp 768w\" sizes=\"(max-width: 992px) 100vw, 992px\" \/><\/a><figcaption id=\"caption-attachment-3281\" class=\"wp-caption-text\">Subiendo la cara oeste del Mulhac\u00e9n desde La Caldera.<br \/>El Veleta y el cerro de Los Machos al fondo<\/figcaption><\/figure>\n<figure id=\"attachment_3282\" aria-describedby=\"caption-attachment-3282\" style=\"width: 992px\" class=\"wp-caption aligncenter\"><a href=\"https:\/\/exploregranada.es\/wp-content\/uploads\/22-7.webp\"><img loading=\"lazy\" decoding=\"async\" class=\"size-full wp-image-3282\" src=\"https:\/\/exploregranada.es\/wp-content\/uploads\/22-7.webp\" alt=\"La cara oeste de la Alcazaba, vista durante la subida por la cara oeste del Mulhac\u00e9n\" width=\"992\" height=\"661\" srcset=\"https:\/\/exploregranada.es\/wp-content\/uploads\/22-7.webp 992w, https:\/\/exploregranada.es\/wp-content\/uploads\/22-7-800x533.webp 800w, https:\/\/exploregranada.es\/wp-content\/uploads\/22-7-768x512.webp 768w, https:\/\/exploregranada.es\/wp-content\/uploads\/22-7-120x80.webp 120w\" sizes=\"(max-width: 992px) 100vw, 992px\" \/><\/a><figcaption id=\"caption-attachment-3282\" class=\"wp-caption-text\">La cara oeste de la Alcazaba,vista durante la subida por la cara oeste del Mulhac\u00e9n<\/figcaption><\/figure>\n<figure id=\"attachment_3286\" aria-describedby=\"caption-attachment-3286\" style=\"width: 992px\" class=\"wp-caption aligncenter\"><a href=\"https:\/\/exploregranada.es\/wp-content\/uploads\/23-4.webp\"><img loading=\"lazy\" decoding=\"async\" class=\"size-full wp-image-3286\" src=\"https:\/\/exploregranada.es\/wp-content\/uploads\/23-4.webp\" alt=\"Subiendo la cara oeste del Mulhac\u00e9n \" width=\"992\" height=\"1488\" srcset=\"https:\/\/exploregranada.es\/wp-content\/uploads\/23-4.webp 992w, https:\/\/exploregranada.es\/wp-content\/uploads\/23-4-533x800.webp 533w, https:\/\/exploregranada.es\/wp-content\/uploads\/23-4-768x1152.webp 768w\" sizes=\"(max-width: 992px) 100vw, 992px\" \/><\/a><figcaption id=\"caption-attachment-3286\" class=\"wp-caption-text\">Subiendo la cara oeste del Mulhac\u00e9n<\/figcaption><\/figure>\n<p>Una vez alcanzada la cima del Mulhac\u00e9n (<strong>punto 7<\/strong>), podremos disfrutar de las maravillosas vistas que nos ofrece en todas direcciones. Bajo nuestro pies, la impresionante cara norte. Al oeste, el Cerro de Los Machos, el Picacho del Veleta y, al fondo, el Cerro del Caballo. Hacia el noreste, la Alcazaba, muy pr\u00f3xima. Al sureste, la Sierra de G\u00e1dor, los invernaderos del Campo de Dal\u00edas, y el Cabo de Gata. Y hacia el sur, el Mar Mediterr\u00e1neo y, en d\u00edas claros, incluso las costas de \u00c1frica.<\/p>\n<p>En el entorno de la cima del Mulhac\u00e9n encontraremos numerosos restos de contrucciones (posiciones militares de la guerra civil, una ermita\u2026), las cuales nos pueden servir para resguardarnos del viento en caso de que este se haga notar.<\/p>\n<figure id=\"attachment_3287\" aria-describedby=\"caption-attachment-3287\" style=\"width: 992px\" class=\"wp-caption aligncenter\"><a href=\"https:\/\/exploregranada.es\/wp-content\/uploads\/24-4.webp\"><img loading=\"lazy\" decoding=\"async\" class=\"size-full wp-image-3287\" src=\"https:\/\/exploregranada.es\/wp-content\/uploads\/24-4.webp\" alt=\"Cima del Mulhac\u00e9n (punto 7)\" width=\"992\" height=\"661\" srcset=\"https:\/\/exploregranada.es\/wp-content\/uploads\/24-4.webp 992w, https:\/\/exploregranada.es\/wp-content\/uploads\/24-4-800x533.webp 800w, https:\/\/exploregranada.es\/wp-content\/uploads\/24-4-768x512.webp 768w, https:\/\/exploregranada.es\/wp-content\/uploads\/24-4-120x80.webp 120w\" sizes=\"(max-width: 992px) 100vw, 992px\" \/><\/a><figcaption id=\"caption-attachment-3287\" class=\"wp-caption-text\">Cima del Mulhac\u00e9n (punto 7)<\/figcaption><\/figure>\n<p>Tras dejar atr\u00e1s la cima del Mulhac\u00e9n, y siempre que las condiciones de la monta\u00f1a sean favorables (no haya ni hielo, ni peligro de aludes), el descenso hacia Siete Lagunas puede realizarse por la vertiente este del pico, a trav\u00e9s de la denominada Ca\u00f1ada del Borreguil. De no resultar recomendable esta opci\u00f3n, seguiremos el camino habitual, el cual discurre sobre la Loma del Resuello llev\u00e1ndonos hasta la Laguna Hondera (<strong>punto 8<\/strong>), donde podr\u00edamos comenzar a ver agua en lugar de nieve.<\/p>\n<figure id=\"attachment_3288\" aria-describedby=\"caption-attachment-3288\" style=\"width: 992px\" class=\"wp-caption aligncenter\"><a href=\"https:\/\/exploregranada.es\/wp-content\/uploads\/25-5.webp\"><img loading=\"lazy\" decoding=\"async\" class=\"size-full wp-image-3288\" src=\"https:\/\/exploregranada.es\/wp-content\/uploads\/25-5.webp\" alt=\"Bajando del Mulhac\u00e9n hacia la Ca\u00f1ada de Siete Lagunas a trav\u00e9s de la Ca\u00f1ada del Borreguil (vertiente este del Mulhac\u00e9n)\" width=\"992\" height=\"661\" srcset=\"https:\/\/exploregranada.es\/wp-content\/uploads\/25-5.webp 992w, https:\/\/exploregranada.es\/wp-content\/uploads\/25-5-800x533.webp 800w, https:\/\/exploregranada.es\/wp-content\/uploads\/25-5-768x512.webp 768w, https:\/\/exploregranada.es\/wp-content\/uploads\/25-5-120x80.webp 120w\" sizes=\"(max-width: 992px) 100vw, 992px\" \/><\/a><figcaption id=\"caption-attachment-3288\" class=\"wp-caption-text\">Bajando del Mulhac\u00e9n hacia la Ca\u00f1ada de Siete Lagunas a trav\u00e9s de la Ca\u00f1ada del Borreguil (vertiente este del Mulhac\u00e9n)<\/figcaption><\/figure>\n<figure id=\"attachment_3874\" aria-describedby=\"caption-attachment-3874\" style=\"width: 992px\" class=\"wp-caption aligncenter\"><a href=\"https:\/\/exploregranada.es\/wp-content\/uploads\/26-6.webp\"><img loading=\"lazy\" decoding=\"async\" class=\"size-full wp-image-3874\" src=\"https:\/\/exploregranada.es\/wp-content\/uploads\/26-6.webp\" alt=\"Bajando del Mulhac\u00e9n hacia la Ca\u00f1ada de Siete Lagunas a trav\u00e9s de la Ca\u00f1ada del Borreguil (vertiente este del Mulhac\u00e9n)\" width=\"992\" height=\"661\" srcset=\"https:\/\/exploregranada.es\/wp-content\/uploads\/26-6.webp 992w, https:\/\/exploregranada.es\/wp-content\/uploads\/26-6-800x533.webp 800w, https:\/\/exploregranada.es\/wp-content\/uploads\/26-6-768x512.webp 768w, https:\/\/exploregranada.es\/wp-content\/uploads\/26-6-120x80.webp 120w, https:\/\/exploregranada.es\/wp-content\/uploads\/26-6-18x12.webp 18w\" sizes=\"(max-width: 992px) 100vw, 992px\" \/><\/a><figcaption id=\"caption-attachment-3874\" class=\"wp-caption-text\">Bajando del Mulhac\u00e9n hacia la Ca\u00f1ada de Siete Lagunas a trav\u00e9s de la Ca\u00f1ada del Borreguil (vertiente este del Mulhac\u00e9n)<\/figcaption><\/figure>\n<figure id=\"attachment_3289\" aria-describedby=\"caption-attachment-3289\" style=\"width: 992px\" class=\"wp-caption aligncenter\"><a href=\"https:\/\/exploregranada.es\/wp-content\/uploads\/27-4.webp\"><img loading=\"lazy\" decoding=\"async\" class=\"size-full wp-image-3289\" src=\"https:\/\/exploregranada.es\/wp-content\/uploads\/27-4.webp\" alt=\"La Ca\u00f1ada de Siete Lagunas vista desde la Laguna Hondera (punto 8). El Mulhac\u00e9n a la izquierda, El Puntal de Siete Lagunas, al fondo, en el centro, y el Pe\u00f1\u00f3n del Globo y Tajos Colorados a la derecha.\" width=\"992\" height=\"661\" srcset=\"https:\/\/exploregranada.es\/wp-content\/uploads\/27-4.webp 992w, https:\/\/exploregranada.es\/wp-content\/uploads\/27-4-800x533.webp 800w, https:\/\/exploregranada.es\/wp-content\/uploads\/27-4-768x512.webp 768w, https:\/\/exploregranada.es\/wp-content\/uploads\/27-4-120x80.webp 120w\" sizes=\"(max-width: 992px) 100vw, 992px\" \/><\/a><figcaption id=\"caption-attachment-3289\" class=\"wp-caption-text\">La Ca\u00f1ada de Siete Lagunas vista desde la Laguna Hondera (punto 8).<br \/>El Mulhac\u00e9n a la izquierda, El Puntal de Siete Lagunas, al fondo, en el centro, y el Pe\u00f1\u00f3n del Globo y Tajos Colorados a la derecha.<\/figcaption><\/figure>\n<p>Desde la Laguna Hondera bajaremos a trav\u00e9s de Chorreras Negras, las cuales podr\u00edan encontrarse total o parcialmente cubiertas de nieve, siguiendo la vaguada a trav\u00e9s de la cual discurre el R\u00edo Culo de Perro. Si la nieve ha desaparecido ya, nuestro caminar se desarrollar\u00e1 a trav\u00e9s del sendero que constituye la subida habitual a Siete Lagunas desde Trev\u00e9lez.<\/p>\n<figure id=\"attachment_3290\" aria-describedby=\"caption-attachment-3290\" style=\"width: 992px\" class=\"wp-caption aligncenter\"><a href=\"https:\/\/exploregranada.es\/wp-content\/uploads\/28-3.webp\"><img loading=\"lazy\" decoding=\"async\" class=\"size-full wp-image-3290\" src=\"https:\/\/exploregranada.es\/wp-content\/uploads\/28-3.webp\" alt=\"Bajando por el R\u00edo Culo de Perro desde Chorreras Negras\" width=\"992\" height=\"661\" srcset=\"https:\/\/exploregranada.es\/wp-content\/uploads\/28-3.webp 992w, https:\/\/exploregranada.es\/wp-content\/uploads\/28-3-800x533.webp 800w, https:\/\/exploregranada.es\/wp-content\/uploads\/28-3-768x512.webp 768w, https:\/\/exploregranada.es\/wp-content\/uploads\/28-3-120x80.webp 120w\" sizes=\"(max-width: 992px) 100vw, 992px\" \/><\/a><figcaption id=\"caption-attachment-3290\" class=\"wp-caption-text\">Bajando por el R\u00edo Culo de Perro desde Chorreras Negras<\/figcaption><\/figure>\n<p>En un momento dado, cruzaremos el R\u00edo Culo de Perro junto a un dique de hormig\u00f3n en mal estado (<strong>punto 9<\/strong>), conduci\u00e9ndonos el trazado del sendero hacia La Campi\u00f1uela, lugar donde encontraremos un peque\u00f1o refugio de pastores rehabilitado por el parque (<strong>punto 10<\/strong>).<\/p>\n<figure id=\"attachment_3291\" aria-describedby=\"caption-attachment-3291\" style=\"width: 992px\" class=\"wp-caption aligncenter\"><a href=\"https:\/\/exploregranada.es\/wp-content\/uploads\/30-3.webp\"><img loading=\"lazy\" decoding=\"async\" class=\"size-full wp-image-3291\" src=\"https:\/\/exploregranada.es\/wp-content\/uploads\/30-3.webp\" alt=\"Refugio de La Campi\u00f1uela (punto 10)\" width=\"992\" height=\"970\" srcset=\"https:\/\/exploregranada.es\/wp-content\/uploads\/30-3.webp 992w, https:\/\/exploregranada.es\/wp-content\/uploads\/30-3-800x782.webp 800w, https:\/\/exploregranada.es\/wp-content\/uploads\/30-3-768x751.webp 768w\" sizes=\"(max-width: 992px) 100vw, 992px\" \/><\/a><figcaption id=\"caption-attachment-3291\" class=\"wp-caption-text\">Refugio de La Campi\u00f1uela (punto 10)<\/figcaption><\/figure>\n<p>Tras dejar atr\u00e1s el Refugio de la Campi\u00f1uela, atravesaremos la Acequia del Mingo y continuaremos por el sendero se\u00f1alizado, el cual nos adentrar\u00e1 en un pinar compuesto por ejemplares de escaso porte. Tras zigzaguear a trav\u00e9s del pinar, saldremos al paso de la Acequia Gorda (<strong>punto 11<\/strong>), junto a la cual continuaremos andando durante un tiempo. Pronto comenzaremos a bajar de nuevo siguiendo un camino de herradura. Pasaremos junto a numerosos campos de cultivo y varios cortijos, y, tras una media hora, la cual se nos har\u00e1 interminable debido al cansancio acumulado y a la inmediatez del final, llegaremos a Trev\u00e9lez (<strong>punto 12<\/strong>), pueblo alpujarre\u00f1o en el que culmina nuestra traves\u00eda.<\/p>\n<figure id=\"attachment_3293\" aria-describedby=\"caption-attachment-3293\" style=\"width: 992px\" class=\"wp-caption aligncenter\"><a href=\"https:\/\/exploregranada.es\/wp-content\/uploads\/31-2.webp\"><img loading=\"lazy\" decoding=\"async\" class=\"size-full wp-image-3293\" src=\"https:\/\/exploregranada.es\/wp-content\/uploads\/31-2.webp\" alt=\"En las proximidades de Trev\u00e9lez\" width=\"992\" height=\"558\" srcset=\"https:\/\/exploregranada.es\/wp-content\/uploads\/31-2.webp 992w, https:\/\/exploregranada.es\/wp-content\/uploads\/31-2-800x450.webp 800w, https:\/\/exploregranada.es\/wp-content\/uploads\/31-2-768x432.webp 768w\" sizes=\"(max-width: 992px) 100vw, 992px\" \/><\/a><figcaption id=\"caption-attachment-3293\" class=\"wp-caption-text\">En las proximidades de Trev\u00e9lez<\/figcaption><\/figure>\n","protected":false},"excerpt":{"rendered":"<p>Ascensi\u00f3n en traves\u00eda y bajo condiciones invernales al Mulhac\u00e9n, que, con sus 3.482 msnm., constituye el techo de la pen\u00ednsula ib\u00e9rica.<\/p>\n","protected":false},"featured_media":2768,"parent":0,"menu_order":0,"template":"","edades":[139],"epoca-del-ano":[134,136],"tipo-recorrido":[132],"duracion-de-la-actividad":[128],"entorno":[119],"dificultad":[116],"espacios-naturales":[101],"provincia":[96],"tipo-de-actividad":[143],"_links":{"self":[{"href":"https:\/\/exploregranada.es\/en\/wp-json\/wp\/v2\/actividades\/2767"}],"collection":[{"href":"https:\/\/exploregranada.es\/en\/wp-json\/wp\/v2\/actividades"}],"about":[{"href":"https:\/\/exploregranada.es\/en\/wp-json\/wp\/v2\/types\/actividades"}],"version-history":[{"count":7,"href":"https:\/\/exploregranada.es\/en\/wp-json\/wp\/v2\/actividades\/2767\/revisions"}],"predecessor-version":[{"id":3917,"href":"https:\/\/exploregranada.es\/en\/wp-json\/wp\/v2\/actividades\/2767\/revisions\/3917"}],"wp:featuredmedia":[{"embeddable":true,"href":"https:\/\/exploregranada.es\/en\/wp-json\/wp\/v2\/media\/2768"}],"wp:attachment":[{"href":"https:\/\/exploregranada.es\/en\/wp-json\/wp\/v2\/media?parent=2767"}],"wp:term":[{"taxonomy":"edades","embeddable":true,"href":"https:\/\/exploregranada.es\/en\/wp-json\/wp\/v2\/edades?post=2767"},{"taxonomy":"epoca-del-ano","embeddable":true,"href":"https:\/\/exploregranada.es\/en\/wp-json\/wp\/v2\/epoca-del-ano?post=2767"},{"taxonomy":"tipo-recorrido","embeddable":true,"href":"https:\/\/exploregranada.es\/en\/wp-json\/wp\/v2\/tipo-recorrido?post=2767"},{"taxonomy":"duracion-de-la-actividad","embeddable":true,"href":"https:\/\/exploregranada.es\/en\/wp-json\/wp\/v2\/duracion-de-la-actividad?post=2767"},{"taxonomy":"entorno","embeddable":true,"href":"https:\/\/exploregranada.es\/en\/wp-json\/wp\/v2\/entorno?post=2767"},{"taxonomy":"dificultad","embeddable":true,"href":"https:\/\/exploregranada.es\/en\/wp-json\/wp\/v2\/dificultad?post=2767"},{"taxonomy":"espacios-naturales","embeddable":true,"href":"https:\/\/exploregranada.es\/en\/wp-json\/wp\/v2\/espacios-naturales?post=2767"},{"taxonomy":"provincia","embeddable":true,"href":"https:\/\/exploregranada.es\/en\/wp-json\/wp\/v2\/provincia?post=2767"},{"taxonomy":"tipo-de-actividad","embeddable":true,"href":"https:\/\/exploregranada.es\/en\/wp-json\/wp\/v2\/tipo-de-actividad?post=2767"}],"curies":[{"name":"wp","href":"https:\/\/api.w.org\/{rel}","templated":true}]}}